{"id":2257,"date":"2021-03-05T04:44:20","date_gmt":"2021-03-05T04:44:20","guid":{"rendered":"https:\/\/www.comportavillassuites.pt\/home\/"},"modified":"2023-08-17T22:16:25","modified_gmt":"2023-08-17T22:16:25","slug":"home","status":"publish","type":"page","link":"https:\/\/comportavillassuites.com\/fr\/","title":{"rendered":"Home"},"content":{"rendered":"<p>[et_pb_section fb_built=\u00a0\u00bb1&Prime; disabled_on=\u00a0\u00bbon|on|on\u00a0\u00bb admin_label=\u00a0\u00bbmenu phone lingua\u00a0\u00bb _builder_version=\u00a0\u00bb4.13.0&Prime; _module_preset=\u00a0\u00bbdefault\u00a0\u00bb background_color=\u00a0\u00bb#262626&Prime; custom_padding=\u00a0\u00bb0px||0px|||\u00a0\u00bb disabled=\u00a0\u00bbon\u00a0\u00bb global_module=\u00a0\u00bb1615&Prime; saved_tabs=\u00a0\u00bball\u00a0\u00bb collapsed=\u00a0\u00bboff\u00a0\u00bb global_colors_info=\u00a0\u00bb{}\u00a0\u00bb][et_pb_row _builder_version=\u00a0\u00bb4.16&Prime; _module_preset=\u00a0\u00bbdefault\u00a0\u00bb custom_padding=\u00a0\u00bb2px||3px|||\u00a0\u00bb global_colors_info=\u00a0\u00bb{}\u00a0\u00bb][et_pb_column type=\u00a0\u00bb4_4&Prime; _builder_version=\u00a0\u00bb4.16&Prime; _module_preset=\u00a0\u00bbdefault\u00a0\u00bb global_colors_info=\u00a0\u00bb{}\u00a0\u00bb][et_pb_menu menu_id=\u00a0\u00bb6&Prime; submenu_direction=\u00a0\u00bbdownwards\u00a0\u00bb active_link_color=\u00a0\u00bb#ffffff\u00a0\u00bb module_class=\u00a0\u00bbpa-open-mobile-menu\u00a0\u00bb _builder_version=\u00a0\u00bb4.16&Prime; _module_preset=\u00a0\u00bbdefault\u00a0\u00bb menu_text_color=\u00a0\u00bb#ffffff\u00a0\u00bb menu_font_size=\u00a0\u00bb12px\u00a0\u00bb background_enable_color=\u00a0\u00bboff\u00a0\u00bb custom_margin=\u00a0\u00bb||0px|||\u00a0\u00bb global_colors_info=\u00a0\u00bb{}\u00a0\u00bb][\/et_pb_menu][\/et_pb_column][\/et_pb_row][\/et_pb_section][et_pb_section fb_built=\u00a0\u00bb1&Prime; admin_label=\u00a0\u00bbSlide 4 fotos\u00a0\u00bb _builder_version=\u00a0\u00bb4.16&Prime; _module_preset=\u00a0\u00bbdefault\u00a0\u00bb custom_margin=\u00a0\u00bb-14px||||false|false\u00a0\u00bb custom_padding=\u00a0\u00bb0px||5px||false|false\u00a0\u00bb collapsed=\u00a0\u00bboff\u00a0\u00bb global_colors_info=\u00a0\u00bb{}\u00a0\u00bb][et_pb_row use_custom_gutter=\u00a0\u00bbon\u00a0\u00bb gutter_width=\u00a0\u00bb1&Prime; admin_label=\u00a0\u00bbSlider top\u00a0\u00bb _builder_version=\u00a0\u00bb4.16&Prime; _module_preset=\u00a0\u00bbdefault\u00a0\u00bb background_color=\u00a0\u00bbrgba(0,0,0,0.56)\u00a0\u00bb width=\u00a0\u00bb100%\u00a0\u00bb max_width=\u00a0\u00bb2560px\u00a0\u00bb custom_margin=\u00a0\u00bb14px|auto|4px|auto|false|false\u00a0\u00bb custom_padding=\u00a0\u00bb0px||0px||false|false\u00a0\u00bb global_colors_info=\u00a0\u00bb{}\u00a0\u00bb][et_pb_column type=\u00a0\u00bb4_4&Prime; _builder_version=\u00a0\u00bb4.16&Prime; _module_preset=\u00a0\u00bbdefault\u00a0\u00bb global_colors_info=\u00a0\u00bb{}\u00a0\u00bb][et_pb_slider show_arrows=\u00a0\u00bboff\u00a0\u00bb module_class=\u00a0\u00bbcol54-slider-top\u00a0\u00bb _builder_version=\u00a0\u00bb4.16&Prime; _module_preset=\u00a0\u00bbdefault\u00a0\u00bb background_enable_color=\u00a0\u00bboff\u00a0\u00bb min_height=\u00a0\u00bb635px\u00a0\u00bb custom_margin=\u00a0\u00bb0px||-4px||false|false\u00a0\u00bb custom_padding=\u00a0\u00bb0px||347px|||\u00a0\u00bb auto=\u00a0\u00bbon\u00a0\u00bb auto_ignore_hover=\u00a0\u00bbon\u00a0\u00bb hover_transition_speed_curve=\u00a0\u00bbease-in\u00a0\u00bb global_colors_info=\u00a0\u00bb{}\u00a0\u00bb][et_pb_slide heading=\u00a0\u00bbVilla 92&Prime; admin_title=\u00a0\u00bbVilla 92&Prime; _builder_version=\u00a0\u00bb4.16&Prime; _module_preset=\u00a0\u00bbdefault\u00a0\u00bb header_font=\u00a0\u00bbAbhaya Libre||||||||\u00a0\u00bb header_text_align=\u00a0\u00bbleft\u00a0\u00bb header_text_color=\u00a0\u00bb#ffffff\u00a0\u00bb header_font_size=\u00a0\u00bb50px\u00a0\u00bb body_font=\u00a0\u00bbAbhaya Libre||||||||\u00a0\u00bb body_text_align=\u00a0\u00bbleft\u00a0\u00bb body_font_size=\u00a0\u00bb32px\u00a0\u00bb body_line_height=\u00a0\u00bb1em\u00a0\u00bb background_enable_color=\u00a0\u00bboff\u00a0\u00bb background_image=\u00a0\u00bbhttps:\/\/comportavillassuites.com\/v1\/wp-content\/uploads\/2020\/11\/Villa-92-14.jpg\u00a0\u00bb background_enable_image=\u00a0\u00bbon\u00a0\u00bb text_orientation=\u00a0\u00bbleft\u00a0\u00bb custom_padding=\u00a0\u00bb36px||6px|0px|false|false\u00a0\u00bb global_colors_info=\u00a0\u00bb{}\u00a0\u00bb sticky_transition=\u00a0\u00bbon\u00a0\u00bb]<\/p>\n<p class=\"m_-7969991969071800641MsoListParagraph\"><u><\/u><u><\/u>Exclusive Villa<\/p>\n<p>[\/et_pb_slide][et_pb_slide heading=\u00a0\u00bbVilla 92&Prime; admin_title=\u00a0\u00bbVilla 92&Prime; _builder_version=\u00a0\u00bb4.16&Prime; _module_preset=\u00a0\u00bbdefault\u00a0\u00bb header_font=\u00a0\u00bbAbhaya Libre||||||||\u00a0\u00bb header_text_align=\u00a0\u00bbleft\u00a0\u00bb header_text_color=\u00a0\u00bb#ffffff\u00a0\u00bb header_font_size=\u00a0\u00bb50px\u00a0\u00bb body_font=\u00a0\u00bbAbhaya Libre||||||||\u00a0\u00bb body_text_align=\u00a0\u00bbleft\u00a0\u00bb body_font_size=\u00a0\u00bb32px\u00a0\u00bb body_line_height=\u00a0\u00bb1em\u00a0\u00bb background_enable_color=\u00a0\u00bboff\u00a0\u00bb background_image=\u00a0\u00bbhttps:\/\/comportavillassuites.com\/v1\/wp-content\/uploads\/2020\/11\/92-Villa-Comporta-2.jpg\u00a0\u00bb background_enable_image=\u00a0\u00bbon\u00a0\u00bb text_orientation=\u00a0\u00bbleft\u00a0\u00bb custom_padding=\u00a0\u00bb36px||6px|0px|false|false\u00a0\u00bb global_colors_info=\u00a0\u00bb{}\u00a0\u00bb sticky_transition=\u00a0\u00bbon\u00a0\u00bb]<\/p>\n<p class=\"m_-7969991969071800641MsoListParagraph\"><u><\/u><u><\/u>Exclusive Villa<\/p>\n<p>[\/et_pb_slide][et_pb_slide heading=\u00a0\u00bbVilla 64&Prime; admin_title=\u00a0\u00bbVilla 64&Prime; _builder_version=\u00a0\u00bb4.16&Prime; _module_preset=\u00a0\u00bbdefault\u00a0\u00bb header_font=\u00a0\u00bbAbhaya Libre||||||||\u00a0\u00bb header_text_align=\u00a0\u00bbleft\u00a0\u00bb header_text_color=\u00a0\u00bb#ffffff\u00a0\u00bb header_font_size=\u00a0\u00bb50px\u00a0\u00bb body_font=\u00a0\u00bbAbhaya Libre||||||||\u00a0\u00bb body_text_color=\u00a0\u00bb#ffffff\u00a0\u00bb body_font_size=\u00a0\u00bb32px\u00a0\u00bb body_line_height=\u00a0\u00bb1em\u00a0\u00bb background_enable_color=\u00a0\u00bboff\u00a0\u00bb background_image=\u00a0\u00bbhttps:\/\/comportavillassuites.com\/v1\/wp-content\/uploads\/2020\/11\/64-Villa-Comporta-20.jpg\u00a0\u00bb background_enable_image=\u00a0\u00bbon\u00a0\u00bb text_orientation=\u00a0\u00bbleft\u00a0\u00bb width=\u00a0\u00bb100%\u00a0\u00bb custom_padding=\u00a0\u00bb36px|0px|6px|0px|false|false\u00a0\u00bb body_text_shadow_style=\u00a0\u00bbpreset3&Prime; body_text_shadow_blur_strength=\u00a0\u00bb0.14em\u00a0\u00bb body_text_shadow_color=\u00a0\u00bb#000000&Prime; global_colors_info=\u00a0\u00bb{}\u00a0\u00bb sticky_transition=\u00a0\u00bbon\u00a0\u00bb]<\/p>\n<p class=\"m_-7969991969071800641MsoListParagraph\">Exclusive Villa<\/p>\n<p>[\/et_pb_slide][et_pb_slide heading=\u00a0\u00bbVilla 64&Prime; admin_title=\u00a0\u00bbVilla 64 2&Prime; _builder_version=\u00a0\u00bb4.16&Prime; _module_preset=\u00a0\u00bbdefault\u00a0\u00bb header_font=\u00a0\u00bbAbhaya Libre||||||||\u00a0\u00bb header_text_align=\u00a0\u00bbleft\u00a0\u00bb header_text_color=\u00a0\u00bb#ffffff\u00a0\u00bb header_font_size=\u00a0\u00bb50px\u00a0\u00bb body_font=\u00a0\u00bbAbhaya Libre||||||||\u00a0\u00bb body_text_color=\u00a0\u00bb#ffffff\u00a0\u00bb body_font_size=\u00a0\u00bb32px\u00a0\u00bb body_line_height=\u00a0\u00bb1em\u00a0\u00bb background_enable_color=\u00a0\u00bboff\u00a0\u00bb background_image=\u00a0\u00bbhttps:\/\/comportavillassuites.com\/v1\/wp-content\/uploads\/2020\/11\/64-Villa-Comporta-23.jpg\u00a0\u00bb background_enable_image=\u00a0\u00bbon\u00a0\u00bb text_orientation=\u00a0\u00bbleft\u00a0\u00bb custom_padding=\u00a0\u00bb36px|0px|6px|0px|false|false\u00a0\u00bb body_text_shadow_style=\u00a0\u00bbpreset3&Prime; body_text_shadow_blur_strength=\u00a0\u00bb0.14em\u00a0\u00bb body_text_shadow_color=\u00a0\u00bb#000000&Prime; global_colors_info=\u00a0\u00bb{}\u00a0\u00bb sticky_transition=\u00a0\u00bbon\u00a0\u00bb]<\/p>\n<p class=\"m_-7969991969071800641MsoListParagraph\">Exclusive Villa<\/p>\n<p>[\/et_pb_slide][\/et_pb_slider][\/et_pb_column][\/et_pb_row][\/et_pb_section][et_pb_section fb_built=\u00a0\u00bb1&Prime; admin_label=\u00a0\u00bbCollection intro\u00a0\u00bb _builder_version=\u00a0\u00bb4.16&Prime; locked=\u00a0\u00bboff\u00a0\u00bb global_colors_info=\u00a0\u00bb{}\u00a0\u00bb][et_pb_row _builder_version=\u00a0\u00bb4.16&Prime; global_colors_info=\u00a0\u00bb{}\u00a0\u00bb][et_pb_column type=\u00a0\u00bb4_4&Prime; _builder_version=\u00a0\u00bb4.16&Prime; custom_padding=\u00a0\u00bb|||\u00a0\u00bb global_colors_info=\u00a0\u00bb{}\u00a0\u00bb custom_padding__hover=\u00a0\u00bb|||\u00a0\u00bb][et_pb_text _builder_version=\u00a0\u00bb4.16&Prime; link_font=\u00a0\u00bb||||||||\u00a0\u00bb ul_font=\u00a0\u00bb||||||||\u00a0\u00bb header_2_font=\u00a0\u00bb||||||||\u00a0\u00bb header_3_font=\u00a0\u00bb||||||||\u00a0\u00bb header_4_font=\u00a0\u00bb||||||||\u00a0\u00bb text_orientation=\u00a0\u00bbcenter\u00a0\u00bb max_width_tablet=\u00a0\u00bb100%\u00a0\u00bb max_width_phone=\u00a0\u00bb100%\u00a0\u00bb max_width_last_edited=\u00a0\u00bboff|desktop\u00a0\u00bb module_alignment=\u00a0\u00bbright\u00a0\u00bb global_colors_info=\u00a0\u00bb{}\u00a0\u00bb]<\/p>\n<h1>Comporta Villas &amp; Suites<\/h1>\n<p>Comporta Villa e Suites est situ\u00e9 \u00e0 Herdade da Comporta, sur la c\u00f4te de l&rsquo;Alentejo, \u00e0 1 heure de Lisbonne en voiture.<\/p>\n<p>C&rsquo;est dans cette r\u00e9gion, o\u00f9 nous avons pass\u00e9 nos vacances d\u2019enfance, c\u2019est \u00e9galement o\u00f9 la beaut\u00e9 et l&rsquo;authenticit\u00e9 de ce lieu attire des personnalit\u00e9s du monde entier. C\u2019est pour cela que nous avons d\u00e9cid\u00e9 de construire nos deux villas de vacances. Ce paradis est connu pour ses vastes rizi\u00e8res, entour\u00e9es de pins parasols et de ch\u00eanes-li\u00e8ges, de dunes sauvages, de beaux vins et plus de 40 kilom\u00e8tres de plages de sable blanc et d&rsquo;eaux cristallines, encore presque intactes.[\/et_pb_text][\/et_pb_column][\/et_pb_row][et_pb_row _builder_version=\u00a0\u00bb4.16&Prime; _module_preset=\u00a0\u00bbdefault\u00a0\u00bb z_index=\u00a0\u00bb500&Prime; custom_padding=\u00a0\u00bb0px||0px|||\u00a0\u00bb saved_tabs=\u00a0\u00bball\u00a0\u00bb global_colors_info=\u00a0\u00bb{}\u00a0\u00bb][et_pb_column type=\u00a0\u00bb4_4&Prime; _builder_version=\u00a0\u00bb4.16&Prime; _module_preset=\u00a0\u00bbdefault\u00a0\u00bb global_colors_info=\u00a0\u00bb{}\u00a0\u00bb][et_pb_button button_url=\u00a0\u00bbhttps:\/\/comportavillassuites.com\/v1\/fr\/contacts\/\u00a0\u00bb button_text=\u00a0\u00bbBook Now\u00a0\u00bb disabled_on=\u00a0\u00bbon|off|off\u00a0\u00bb module_id=\u00a0\u00bbcol54-book-now\u00a0\u00bb _builder_version=\u00a0\u00bb4.16&Prime; _module_preset=\u00a0\u00bbdefault\u00a0\u00bb custom_button=\u00a0\u00bbon\u00a0\u00bb button_text_size=\u00a0\u00bb20px\u00a0\u00bb button_text_color=\u00a0\u00bb#ffffff\u00a0\u00bb button_bg_color=\u00a0\u00bb#000000&Prime; button_border_color=\u00a0\u00bbrgba(0,0,0,0)\u00a0\u00bb button_font=\u00a0\u00bbAbhaya Libre||||||||\u00a0\u00bb transform_rotate=\u00a0\u00bb0deg|0deg|270deg\u00a0\u00bb positioning=\u00a0\u00bbfixed\u00a0\u00bb position_origin_f=\u00a0\u00bbcenter_right\u00a0\u00bb horizontal_offset=\u00a0\u00bb-36px\u00a0\u00bb z_index=\u00a0\u00bb234&Prime; global_colors_info=\u00a0\u00bb{}\u00a0\u00bb][\/et_pb_button][\/et_pb_column][\/et_pb_row][\/et_pb_section][et_pb_section fb_built=\u00a0\u00bb1&Prime; admin_label=\u00a0\u00bbVillas e Suites\u00a0\u00bb _builder_version=\u00a0\u00bb4.16&Prime; _module_preset=\u00a0\u00bbdefault\u00a0\u00bb z_index=\u00a0\u00bb-500&Prime; custom_margin=\u00a0\u00bb43px||27px|||\u00a0\u00bb custom_padding=\u00a0\u00bb0px||1px|||\u00a0\u00bb global_colors_info=\u00a0\u00bb{}\u00a0\u00bb][et_pb_row use_custom_gutter=\u00a0\u00bbon\u00a0\u00bb gutter_width=\u00a0\u00bb1&Prime; admin_label=\u00a0\u00bbSlider top\u00a0\u00bb _builder_version=\u00a0\u00bb4.16&Prime; _module_preset=\u00a0\u00bbdefault\u00a0\u00bb background_color=\u00a0\u00bbrgba(0,0,0,0.56)\u00a0\u00bb width=\u00a0\u00bb100%\u00a0\u00bb max_width=\u00a0\u00bb100%\u00a0\u00bb custom_margin=\u00a0\u00bb14px|auto|4px|auto|false|false\u00a0\u00bb custom_padding=\u00a0\u00bb0px||0px||false|false\u00a0\u00bb global_colors_info=\u00a0\u00bb{}\u00a0\u00bb][et_pb_column type=\u00a0\u00bb4_4&Prime; _builder_version=\u00a0\u00bb4.16&Prime; _module_preset=\u00a0\u00bbdefault\u00a0\u00bb global_colors_info=\u00a0\u00bb{}\u00a0\u00bb][et_pb_slider show_arrows=\u00a0\u00bboff\u00a0\u00bb module_class=\u00a0\u00bbcol54-custom-slider-screen\u00a0\u00bb _builder_version=\u00a0\u00bb4.16&Prime; _module_preset=\u00a0\u00bbdefault\u00a0\u00bb background_enable_color=\u00a0\u00bboff\u00a0\u00bb background_enable_image=\u00a0\u00bboff\u00a0\u00bb min_height=\u00a0\u00bb635px\u00a0\u00bb custom_margin=\u00a0\u00bb0px||-4px||false|false\u00a0\u00bb custom_padding=\u00a0\u00bb0px||347px|||\u00a0\u00bb auto=\u00a0\u00bbon\u00a0\u00bb auto_ignore_hover=\u00a0\u00bbon\u00a0\u00bb hover_transition_speed_curve=\u00a0\u00bbease-in\u00a0\u00bb global_colors_info=\u00a0\u00bb{}\u00a0\u00bb][et_pb_slide heading=\u00a0\u00bbVILLAS\u00a0\u00bb button_text=\u00a0\u00bbExplorer\u00a0\u00bb button_link=\u00a0\u00bbhttps:\/\/comportavillassuites.com\/v1\/fr\/villas\/\u00a0\u00bb alignment=\u00a0\u00bbbottom\u00a0\u00bb admin_title=\u00a0\u00bbVillas\u00a0\u00bb _builder_version=\u00a0\u00bb4.16&Prime; _module_preset=\u00a0\u00bbdefault\u00a0\u00bb header_font=\u00a0\u00bbAbhaya Libre||||||||\u00a0\u00bb header_text_align=\u00a0\u00bbcenter\u00a0\u00bb header_text_color=\u00a0\u00bb#ffffff\u00a0\u00bb header_font_size=\u00a0\u00bb50px\u00a0\u00bb body_font=\u00a0\u00bbAbhaya Libre||||||||\u00a0\u00bb body_text_align=\u00a0\u00bbcenter\u00a0\u00bb body_text_color=\u00a0\u00bb#ffffff\u00a0\u00bb body_font_size=\u00a0\u00bb23px\u00a0\u00bb body_line_height=\u00a0\u00bb1.5em\u00a0\u00bb background_color=\u00a0\u00bbrgba(0,0,0,0.8)\u00a0\u00bb background_enable_color=\u00a0\u00bbon\u00a0\u00bb background_image=\u00a0\u00bbhttps:\/\/comportavillassuites.com\/v1\/wp-content\/uploads\/2020\/11\/92-Villa-Comporta-2-1.jpg\u00a0\u00bb background_enable_image=\u00a0\u00bbon\u00a0\u00bb background_blend=\u00a0\u00bbscreen\u00a0\u00bb custom_button=\u00a0\u00bbon\u00a0\u00bb button_text_color=\u00a0\u00bb#ffffff\u00a0\u00bb button_bg_color=\u00a0\u00bbrgba(0,0,0,0)\u00a0\u00bb button_bg_color_gradient_stops=\u00a0\u00bbrgba(0,0,0,0) 97%|#ffffff 100%\u00a0\u00bb button_bg_color_gradient_start=\u00a0\u00bbrgba(0,0,0,0)\u00a0\u00bb button_bg_color_gradient_start_position=\u00a0\u00bb97%\u00a0\u00bb button_bg_color_gradient_end=\u00a0\u00bb#ffffff\u00a0\u00bb button_border_width=\u00a0\u00bb1px\u00a0\u00bb button_border_color=\u00a0\u00bb#d8d8d8&Prime; button_border_radius=\u00a0\u00bb0px\u00a0\u00bb button_font=\u00a0\u00bbAbhaya Libre||||||||\u00a0\u00bb button_use_icon=\u00a0\u00bbon\u00a0\u00bb text_orientation=\u00a0\u00bbcenter\u00a0\u00bb width=\u00a0\u00bb100%\u00a0\u00bb custom_padding=\u00a0\u00bb41px|0px|0px|0px|false|false\u00a0\u00bb global_colors_info=\u00a0\u00bb{}\u00a0\u00bb sticky_transition=\u00a0\u00bbon\u00a0\u00bb]<\/p>\n<p style=\"text-align: center;\">L&rsquo;espace parfait<br \/>pour les familles et les groupes d&rsquo;amis<\/p>\n<p>[\/et_pb_slide][\/et_pb_slider][\/et_pb_column][\/et_pb_row][\/et_pb_section][et_pb_section fb_built=\u00a0\u00bb1&Prime; disabled_on=\u00a0\u00bbon|on|on\u00a0\u00bb admin_label=\u00a0\u00bbVillas e Suites\u00a0\u00bb _builder_version=\u00a0\u00bb4.16&Prime; _module_preset=\u00a0\u00bbdefault\u00a0\u00bb z_index=\u00a0\u00bb-500&Prime; custom_margin=\u00a0\u00bb43px||27px|||\u00a0\u00bb custom_padding=\u00a0\u00bb0px||1px|||\u00a0\u00bb disabled=\u00a0\u00bbon\u00a0\u00bb global_colors_info=\u00a0\u00bb{}\u00a0\u00bb][et_pb_row column_structure=\u00a0\u00bb1_2,1_2&Prime; use_custom_gutter=\u00a0\u00bbon\u00a0\u00bb gutter_width=\u00a0\u00bb1&Prime; admin_label=\u00a0\u00bbSlider top\u00a0\u00bb _builder_version=\u00a0\u00bb4.16&Prime; _module_preset=\u00a0\u00bbdefault\u00a0\u00bb background_color=\u00a0\u00bbrgba(0,0,0,0.56)\u00a0\u00bb width=\u00a0\u00bb100%\u00a0\u00bb max_width=\u00a0\u00bb2560px\u00a0\u00bb custom_margin=\u00a0\u00bb14px|auto|4px|auto|false|false\u00a0\u00bb custom_padding=\u00a0\u00bb0px||0px||false|false\u00a0\u00bb global_colors_info=\u00a0\u00bb{}\u00a0\u00bb][et_pb_column type=\u00a0\u00bb1_2&Prime; _builder_version=\u00a0\u00bb4.16&Prime; _module_preset=\u00a0\u00bbdefault\u00a0\u00bb global_colors_info=\u00a0\u00bb{}\u00a0\u00bb][et_pb_slider show_arrows=\u00a0\u00bboff\u00a0\u00bb _builder_version=\u00a0\u00bb4.16&Prime; _module_preset=\u00a0\u00bbdefault\u00a0\u00bb background_enable_color=\u00a0\u00bboff\u00a0\u00bb background_enable_image=\u00a0\u00bboff\u00a0\u00bb min_height=\u00a0\u00bb635px\u00a0\u00bb custom_margin=\u00a0\u00bb0px||-4px||false|false\u00a0\u00bb custom_padding=\u00a0\u00bb0px||347px|||\u00a0\u00bb auto=\u00a0\u00bbon\u00a0\u00bb auto_ignore_hover=\u00a0\u00bbon\u00a0\u00bb hover_transition_speed_curve=\u00a0\u00bbease-in\u00a0\u00bb global_colors_info=\u00a0\u00bb{}\u00a0\u00bb][et_pb_slide heading=\u00a0\u00bbVILLAS\u00a0\u00bb button_text=\u00a0\u00bbExplorer\u00a0\u00bb button_link=\u00a0\u00bbhttps:\/\/comportavillassuites.com\/v1\/fr\/villas\/\u00a0\u00bb alignment=\u00a0\u00bbbottom\u00a0\u00bb admin_title=\u00a0\u00bbVillas\u00a0\u00bb _builder_version=\u00a0\u00bb4.16&Prime; _module_preset=\u00a0\u00bbdefault\u00a0\u00bb header_font=\u00a0\u00bbAbhaya Libre||||||||\u00a0\u00bb header_text_align=\u00a0\u00bbcenter\u00a0\u00bb header_text_color=\u00a0\u00bb#ffffff\u00a0\u00bb header_font_size=\u00a0\u00bb50px\u00a0\u00bb body_font=\u00a0\u00bbAbhaya Libre||||||||\u00a0\u00bb body_text_align=\u00a0\u00bbcenter\u00a0\u00bb body_text_color=\u00a0\u00bb#ffffff\u00a0\u00bb body_font_size=\u00a0\u00bb23px\u00a0\u00bb body_line_height=\u00a0\u00bb1.5em\u00a0\u00bb background_color=\u00a0\u00bbrgba(255,255,255,0.13)\u00a0\u00bb background_enable_color=\u00a0\u00bbon\u00a0\u00bb background_image=\u00a0\u00bbhttps:\/\/comportavillassuites.com\/v1\/wp-content\/uploads\/2020\/11\/92-Villa-Comporta-2-1.jpg\u00a0\u00bb background_enable_image=\u00a0\u00bbon\u00a0\u00bb background_size=\u00a0\u00bbinitial\u00a0\u00bb background_position=\u00a0\u00bbtop_center\u00a0\u00bb background_blend=\u00a0\u00bbscreen\u00a0\u00bb custom_button=\u00a0\u00bbon\u00a0\u00bb button_text_color=\u00a0\u00bb#ffffff\u00a0\u00bb button_bg_color=\u00a0\u00bbrgba(0,0,0,0)\u00a0\u00bb button_bg_color_gradient_stops=\u00a0\u00bbrgba(0,0,0,0) 97%|#ffffff 100%\u00a0\u00bb button_bg_color_gradient_start=\u00a0\u00bbrgba(0,0,0,0)\u00a0\u00bb button_bg_color_gradient_start_position=\u00a0\u00bb97%\u00a0\u00bb button_bg_color_gradient_end=\u00a0\u00bb#ffffff\u00a0\u00bb button_border_width=\u00a0\u00bb1px\u00a0\u00bb button_border_color=\u00a0\u00bb#d8d8d8&Prime; button_border_radius=\u00a0\u00bb0px\u00a0\u00bb button_font=\u00a0\u00bbAbhaya Libre||||||||\u00a0\u00bb button_use_icon=\u00a0\u00bbon\u00a0\u00bb text_orientation=\u00a0\u00bbcenter\u00a0\u00bb width=\u00a0\u00bb100%\u00a0\u00bb custom_padding=\u00a0\u00bb41px|0px|0px|0px|false|false\u00a0\u00bb global_colors_info=\u00a0\u00bb{}\u00a0\u00bb sticky_transition=\u00a0\u00bbon\u00a0\u00bb]<\/p>\n<p style=\"text-align: center;\">L&rsquo;espace parfait<br \/> pour les familles et les groupes d&rsquo;amis<\/p>\n<p>[\/et_pb_slide][\/et_pb_slider][\/et_pb_column][et_pb_column type=\u00a0\u00bb1_2&Prime; _builder_version=\u00a0\u00bb4.16&Prime; _module_preset=\u00a0\u00bbdefault\u00a0\u00bb global_colors_info=\u00a0\u00bb{}\u00a0\u00bb][et_pb_slider show_arrows=\u00a0\u00bboff\u00a0\u00bb _builder_version=\u00a0\u00bb4.16&Prime; _module_preset=\u00a0\u00bbdefault\u00a0\u00bb background_enable_color=\u00a0\u00bboff\u00a0\u00bb background_enable_image=\u00a0\u00bboff\u00a0\u00bb min_height=\u00a0\u00bb635px\u00a0\u00bb custom_margin=\u00a0\u00bb0px||-4px||false|false\u00a0\u00bb custom_padding=\u00a0\u00bb0px||347px|||\u00a0\u00bb auto=\u00a0\u00bbon\u00a0\u00bb auto_ignore_hover=\u00a0\u00bbon\u00a0\u00bb hover_transition_speed_curve=\u00a0\u00bbease-in\u00a0\u00bb global_colors_info=\u00a0\u00bb{}\u00a0\u00bb][et_pb_slide heading=\u00a0\u00bbSUITES\u00a0\u00bb button_text=\u00a0\u00bbExplorer\u00a0\u00bb button_link=\u00a0\u00bbhttps:\/\/comportavillassuites.com\/v1\/fr\/suites\/\u00a0\u00bb alignment=\u00a0\u00bbbottom\u00a0\u00bb admin_title=\u00a0\u00bbSuites\u00a0\u00bb _builder_version=\u00a0\u00bb4.16&Prime; _module_preset=\u00a0\u00bbdefault\u00a0\u00bb header_font=\u00a0\u00bbAbhaya Libre||||||||\u00a0\u00bb header_text_align=\u00a0\u00bbcenter\u00a0\u00bb header_text_color=\u00a0\u00bb#ffffff\u00a0\u00bb header_font_size=\u00a0\u00bb50px\u00a0\u00bb body_font=\u00a0\u00bbAbhaya Libre||||||||\u00a0\u00bb body_text_align=\u00a0\u00bbcenter\u00a0\u00bb body_text_color=\u00a0\u00bb#ffffff\u00a0\u00bb body_font_size=\u00a0\u00bb23px\u00a0\u00bb body_line_height=\u00a0\u00bb1.5em\u00a0\u00bb background_color=\u00a0\u00bbrgba(255,255,255,0.13)\u00a0\u00bb background_enable_color=\u00a0\u00bbon\u00a0\u00bb background_image=\u00a0\u00bbhttps:\/\/comportavillassuites.com\/v1\/wp-content\/uploads\/2020\/11\/64-Villa-Comporta-5.jpg\u00a0\u00bb background_enable_image=\u00a0\u00bbon\u00a0\u00bb background_size=\u00a0\u00bbinitial\u00a0\u00bb background_position=\u00a0\u00bbtop_center\u00a0\u00bb background_blend=\u00a0\u00bbscreen\u00a0\u00bb custom_button=\u00a0\u00bbon\u00a0\u00bb button_text_color=\u00a0\u00bb#ffffff\u00a0\u00bb button_bg_color=\u00a0\u00bbrgba(0,0,0,0)\u00a0\u00bb button_bg_color_gradient_stops=\u00a0\u00bbrgba(0,0,0,0) 97%|#ffffff 100%\u00a0\u00bb button_bg_color_gradient_start=\u00a0\u00bbrgba(0,0,0,0)\u00a0\u00bb button_bg_color_gradient_start_position=\u00a0\u00bb97%\u00a0\u00bb button_bg_color_gradient_end=\u00a0\u00bb#ffffff\u00a0\u00bb button_border_width=\u00a0\u00bb1px\u00a0\u00bb button_border_color=\u00a0\u00bb#d8d8d8&Prime; button_border_radius=\u00a0\u00bb0px\u00a0\u00bb button_font=\u00a0\u00bbAbhaya Libre||||||||\u00a0\u00bb button_use_icon=\u00a0\u00bbon\u00a0\u00bb text_orientation=\u00a0\u00bbcenter\u00a0\u00bb width=\u00a0\u00bb100%\u00a0\u00bb custom_padding=\u00a0\u00bb41px|0px|0px|0px|false|false\u00a0\u00bb global_colors_info=\u00a0\u00bb{}\u00a0\u00bb sticky_transition=\u00a0\u00bbon\u00a0\u00bb]<\/p>\n<p class=\"m_-7969991969071800641MsoListParagraph\"><u><\/u>L&rsquo;h\u00e9bergement id\u00e9al<br \/> pour deux<\/p>\n<p>[\/et_pb_slide][\/et_pb_slider][\/et_pb_column][\/et_pb_row][\/et_pb_section][et_pb_section fb_built=\u00a0\u00bb1&Prime; disabled_on=\u00a0\u00bbon|on|off\u00a0\u00bb admin_label=\u00a0\u00bbComporta\u00a0\u00bb _builder_version=\u00a0\u00bb4.16&Prime; background_color=\u00a0\u00bb#ffffff\u00a0\u00bb background_position=\u00a0\u00bbtop_left\u00a0\u00bb custom_padding=\u00a0\u00bb0px|0px|80px|0px||\u00a0\u00bb collapsed=\u00a0\u00bboff\u00a0\u00bb global_colors_info=\u00a0\u00bb{}\u00a0\u00bb][et_pb_row admin_label=\u00a0\u00bbPropri\u00e9te\u00a0\u00bb _builder_version=\u00a0\u00bb4.16&Prime; _module_preset=\u00a0\u00bbdefault\u00a0\u00bb min_height=\u00a0\u00bb97px\u00a0\u00bb global_colors_info=\u00a0\u00bb{}\u00a0\u00bb][et_pb_column type=\u00a0\u00bb4_4&Prime; _builder_version=\u00a0\u00bb4.16&Prime; _module_preset=\u00a0\u00bbdefault\u00a0\u00bb global_colors_info=\u00a0\u00bb{}\u00a0\u00bb][et_pb_text disabled_on=\u00a0\u00bbon|on|off\u00a0\u00bb _builder_version=\u00a0\u00bb4.16&Prime; text_font=\u00a0\u00bb||||||||\u00a0\u00bb header_font=\u00a0\u00bb||||||||\u00a0\u00bb text_orientation=\u00a0\u00bbcenter\u00a0\u00bb global_colors_info=\u00a0\u00bb{}\u00a0\u00bb header_font_size__hover=\u00a0\u00bb30px\u00a0\u00bb header_font_size__hover_enabled=\u00a0\u00bb30px\u00a0\u00bb header_letter_spacing__hover=\u00a0\u00bb0px\u00a0\u00bb header_letter_spacing__hover_enabled=\u00a0\u00bb0px\u00a0\u00bb header_text_shadow_style__hover=\u00a0\u00bbnone\u00a0\u00bb header_text_shadow_style__hover_enabled=\u00a0\u00bbnone\u00a0\u00bb header_text_shadow_color__hover=\u00a0\u00bbrgba(0,0,0,0.4)\u00a0\u00bb header_text_shadow_color__hover_enabled=\u00a0\u00bbrgba(0,0,0,0.4)\u00a0\u00bb]<\/p>\n<h2>Propri\u00e9t\u00e9 de Comporta<\/h2>\n<p>[\/et_pb_text][et_pb_text disabled_on=\u00a0\u00bbon|on|off\u00a0\u00bb _builder_version=\u00a0\u00bb4.16&Prime; text_font=\u00a0\u00bb||||||||\u00a0\u00bb header_font=\u00a0\u00bb||||||||\u00a0\u00bb text_orientation=\u00a0\u00bbcenter\u00a0\u00bb global_colors_info=\u00a0\u00bb{}\u00a0\u00bb header_font_size__hover=\u00a0\u00bb30px\u00a0\u00bb header_font_size__hover_enabled=\u00a0\u00bb30px\u00a0\u00bb header_letter_spacing__hover=\u00a0\u00bb0px\u00a0\u00bb header_letter_spacing__hover_enabled=\u00a0\u00bb0px\u00a0\u00bb header_text_shadow_style__hover=\u00a0\u00bbnone\u00a0\u00bb header_text_shadow_style__hover_enabled=\u00a0\u00bbnone\u00a0\u00bb header_text_shadow_color__hover=\u00a0\u00bbrgba(0,0,0,0.4)\u00a0\u00bb header_text_shadow_color__hover_enabled=\u00a0\u00bbrgba(0,0,0,0.4)\u00a0\u00bb]<\/p>\n<h3>Terre de rizi\u00e8res, de plages idylliques et de petits villages\u2026<\/h3>\n<p>[\/et_pb_text][\/et_pb_column][\/et_pb_row][et_pb_row column_structure=\u00a0\u00bb1_3,1_3,1_3&Prime; admin_label=\u00a0\u00bbComporta\u00a0\u00bb _builder_version=\u00a0\u00bb4.16&Prime; background_size=\u00a0\u00bbinitial\u00a0\u00bb background_position=\u00a0\u00bbtop_left\u00a0\u00bb background_repeat=\u00a0\u00bbrepeat\u00a0\u00bb custom_margin=\u00a0\u00bb|||\u00a0\u00bb custom_padding=\u00a0\u00bb3px|||||\u00a0\u00bb global_colors_info=\u00a0\u00bb{}\u00a0\u00bb][et_pb_column type=\u00a0\u00bb1_3&Prime; _builder_version=\u00a0\u00bb4.16&Prime; background_position=\u00a0\u00bbtop_left\u00a0\u00bb custom_padding=\u00a0\u00bb60px|||\u00a0\u00bb global_colors_info=\u00a0\u00bb{}\u00a0\u00bb custom_padding__hover=\u00a0\u00bb|||\u00a0\u00bb][et_pb_image src=\u00a0\u00bbhttps:\/\/comportavillassuites.com\/v1\/wp-content\/uploads\/2020\/11\/pexels-photo-4213367.jpeg\u00a0\u00bb title_text=\u00a0\u00bbpexels-photo-4213367&Prime; force_fullwidth=\u00a0\u00bbon\u00a0\u00bb _builder_version=\u00a0\u00bb4.16&Prime; custom_margin=\u00a0\u00bb-52px|||||\u00a0\u00bb custom_padding=\u00a0\u00bb0px||0px|||\u00a0\u00bb animation_style=\u00a0\u00bbslide\u00a0\u00bb animation_direction=\u00a0\u00bbleft\u00a0\u00bb animation_intensity_slide=\u00a0\u00bb10%\u00a0\u00bb always_center_on_mobile=\u00a0\u00bboff\u00a0\u00bb global_colors_info=\u00a0\u00bb{}\u00a0\u00bb][\/et_pb_image][et_pb_text _builder_version=\u00a0\u00bb4.16&Prime; header_font=\u00a0\u00bb||||\u00a0\u00bb text_orientation=\u00a0\u00bbcenter\u00a0\u00bb animation_style=\u00a0\u00bbslide\u00a0\u00bb animation_direction=\u00a0\u00bbtop\u00a0\u00bb animation_intensity_slide=\u00a0\u00bb4%\u00a0\u00bb global_colors_info=\u00a0\u00bb{}\u00a0\u00bb]<\/p>\n<p>Les anciennes \u00e9curies sont devenues des restaurants de luxe, les anciennes boutiques sont d\u00e9sormais des vitrines des marques de design les plus prestigieuses et des \u0153uvres artisanales exclusives. Les huttes aux toits de chaume rugueux, typiques de la r\u00e9gion, prennent d\u00e9sormais la forme de chambres ou d\u2019h\u00e9bergements touristiques raffin\u00e9es et luxueuses.<\/p>\n<p>[\/et_pb_text][\/et_pb_column][et_pb_column type=\u00a0\u00bb1_3&Prime; _builder_version=\u00a0\u00bb4.16&Prime; _module_preset=\u00a0\u00bbdefault\u00a0\u00bb global_colors_info=\u00a0\u00bb{}\u00a0\u00bb][et_pb_text _builder_version=\u00a0\u00bb4.16&Prime; header_font=\u00a0\u00bb||||\u00a0\u00bb text_orientation=\u00a0\u00bbcenter\u00a0\u00bb animation_style=\u00a0\u00bbslide\u00a0\u00bb animation_direction=\u00a0\u00bbtop\u00a0\u00bb animation_intensity_slide=\u00a0\u00bb4%\u00a0\u00bb global_colors_info=\u00a0\u00bb{}\u00a0\u00bb]<\/p>\n<p>Cette r\u00e9gion rurale de l&rsquo;Alentejo poss\u00e8de le dernier tron\u00e7on pr\u00e9serv\u00e9 de la c\u00f4te atlantique de tout le sud de l&rsquo;Europe, avec plus de 40 kilom\u00e8tres de plages presque intactes.<\/p>\n<p>[\/et_pb_text][et_pb_image src=\u00a0\u00bbhttps:\/\/comportavillassuites.com\/v1\/wp-content\/uploads\/2020\/11\/herdade-da-comporta-2.jpg\u00a0\u00bb title_text=\u00a0\u00bbherdade-da-comporta-2&Prime; force_fullwidth=\u00a0\u00bbon\u00a0\u00bb _builder_version=\u00a0\u00bb4.16&Prime; custom_padding=\u00a0\u00bb0px||0px|||\u00a0\u00bb animation_style=\u00a0\u00bbslide\u00a0\u00bb animation_direction=\u00a0\u00bbleft\u00a0\u00bb animation_intensity_slide=\u00a0\u00bb10%\u00a0\u00bb always_center_on_mobile=\u00a0\u00bboff\u00a0\u00bb global_colors_info=\u00a0\u00bb{}\u00a0\u00bb][\/et_pb_image][et_pb_text _builder_version=\u00a0\u00bb4.16&Prime; header_font=\u00a0\u00bb||||\u00a0\u00bb text_orientation=\u00a0\u00bbcenter\u00a0\u00bb animation_style=\u00a0\u00bbslide\u00a0\u00bb animation_direction=\u00a0\u00bbtop\u00a0\u00bb animation_intensity_slide=\u00a0\u00bb4%\u00a0\u00bb global_colors_info=\u00a0\u00bb{}\u00a0\u00bb]<\/p>\n<p>Il est situ\u00e9 dans la r\u00e9serve naturelle de l&rsquo;estuaire du Sado, o\u00f9 r\u00e8gnent la tranquillit\u00e9 et un style de vie unique, bas\u00e9 sur une v\u00e9ritable connexion avec la nature et le patrimoine local.<\/p>\n<p>[\/et_pb_text][\/et_pb_column][et_pb_column type=\u00a0\u00bb1_3&Prime; _builder_version=\u00a0\u00bb4.16&Prime; background_position=\u00a0\u00bbtop_left\u00a0\u00bb custom_padding=\u00a0\u00bb|||\u00a0\u00bb global_colors_info=\u00a0\u00bb{}\u00a0\u00bb custom_padding__hover=\u00a0\u00bb|||\u00a0\u00bb][et_pb_image src=\u00a0\u00bbhttps:\/\/comportavillassuites.com\/v1\/wp-content\/uploads\/2020\/11\/Campo-de-arroz.jpg\u00a0\u00bb title_text=\u00a0\u00bbCampo-de-arroz\u00a0\u00bb force_fullwidth=\u00a0\u00bbon\u00a0\u00bb _builder_version=\u00a0\u00bb4.16&Prime; custom_padding=\u00a0\u00bb0px||0px|||\u00a0\u00bb animation_style=\u00a0\u00bbslide\u00a0\u00bb animation_direction=\u00a0\u00bbleft\u00a0\u00bb animation_intensity_slide=\u00a0\u00bb10%\u00a0\u00bb always_center_on_mobile=\u00a0\u00bboff\u00a0\u00bb global_colors_info=\u00a0\u00bb{}\u00a0\u00bb][\/et_pb_image][et_pb_text _builder_version=\u00a0\u00bb4.16&Prime; header_font=\u00a0\u00bb||||\u00a0\u00bb text_orientation=\u00a0\u00bbcenter\u00a0\u00bb animation_style=\u00a0\u00bbslide\u00a0\u00bb animation_direction=\u00a0\u00bbtop\u00a0\u00bb animation_intensity_slide=\u00a0\u00bb4%\u00a0\u00bb global_colors_info=\u00a0\u00bb{}\u00a0\u00bb]<\/p>\n<p>Vila da Comporta est un ancien village de p\u00eacheurs et de ruraux qui travaillaient principalement dans les vastes rizi\u00e8res qui embellissent la r\u00e9gion et qui est devenu l&rsquo;un des villages les plus glamour du pays.<\/p>\n<p>[\/et_pb_text][et_pb_image src=\u00a0\u00bbhttps:\/\/comportavillassuites.com\/v1\/wp-content\/uploads\/2020\/11\/pexels-photo-910214.jpeg\u00a0\u00bb title_text=\u00a0\u00bbpexels-photo-910214&Prime; force_fullwidth=\u00a0\u00bbon\u00a0\u00bb _builder_version=\u00a0\u00bb4.16&Prime; custom_padding=\u00a0\u00bb0px||0px|||\u00a0\u00bb animation_style=\u00a0\u00bbslide\u00a0\u00bb animation_direction=\u00a0\u00bbleft\u00a0\u00bb animation_intensity_slide=\u00a0\u00bb10%\u00a0\u00bb always_center_on_mobile=\u00a0\u00bboff\u00a0\u00bb global_colors_info=\u00a0\u00bb{}\u00a0\u00bb][\/et_pb_image][\/et_pb_column][\/et_pb_row][\/et_pb_section][et_pb_section fb_built=\u00a0\u00bb1&Prime; disabled_on=\u00a0\u00bboff|off|on\u00a0\u00bb admin_label=\u00a0\u00bbComporta\u00a0\u00bb _builder_version=\u00a0\u00bb4.16&Prime; background_color=\u00a0\u00bb#ffffff\u00a0\u00bb background_position=\u00a0\u00bbtop_left\u00a0\u00bb custom_padding=\u00a0\u00bb0px|0px|80px|0px||\u00a0\u00bb collapsed=\u00a0\u00bboff\u00a0\u00bb global_colors_info=\u00a0\u00bb{}\u00a0\u00bb][et_pb_row admin_label=\u00a0\u00bbPropri\u00e9te\u00a0\u00bb _builder_version=\u00a0\u00bb4.16&Prime; _module_preset=\u00a0\u00bbdefault\u00a0\u00bb min_height=\u00a0\u00bb97px\u00a0\u00bb custom_margin=\u00a0\u00bb48px|auto||auto||\u00a0\u00bb custom_padding=\u00a0\u00bb||13px|||\u00a0\u00bb global_colors_info=\u00a0\u00bb{}\u00a0\u00bb][et_pb_column type=\u00a0\u00bb4_4&Prime; _builder_version=\u00a0\u00bb4.16&Prime; _module_preset=\u00a0\u00bbdefault\u00a0\u00bb global_colors_info=\u00a0\u00bb{}\u00a0\u00bb][et_pb_text disabled_on=\u00a0\u00bboff|off|on\u00a0\u00bb _builder_version=\u00a0\u00bb4.16&Prime; text_font=\u00a0\u00bb||||||||\u00a0\u00bb header_font=\u00a0\u00bb||||||||\u00a0\u00bb header_2_font=\u00a0\u00bbAbhaya Libre||||||||\u00a0\u00bb header_2_font_size=\u00a0\u00bb48px\u00a0\u00bb header_2_line_height=\u00a0\u00bb1.3em\u00a0\u00bb background_size=\u00a0\u00bbinitial\u00a0\u00bb background_position=\u00a0\u00bbtop_left\u00a0\u00bb background_repeat=\u00a0\u00bbrepeat\u00a0\u00bb custom_margin=\u00a0\u00bb-3px||-3px|||\u00a0\u00bb custom_padding=\u00a0\u00bb0px||0px|||\u00a0\u00bb global_colors_info=\u00a0\u00bb{}\u00a0\u00bb header_font_size__hover=\u00a0\u00bb30px\u00a0\u00bb header_font_size__hover_enabled=\u00a0\u00bb30px\u00a0\u00bb header_letter_spacing__hover=\u00a0\u00bb0px\u00a0\u00bb header_letter_spacing__hover_enabled=\u00a0\u00bb0px\u00a0\u00bb header_text_shadow_style__hover=\u00a0\u00bbnone\u00a0\u00bb header_text_shadow_style__hover_enabled=\u00a0\u00bbnone\u00a0\u00bb header_text_shadow_color__hover=\u00a0\u00bbrgba(0,0,0,0.4)\u00a0\u00bb header_text_shadow_color__hover_enabled=\u00a0\u00bbrgba(0,0,0,0.4)\u00a0\u00bb]<\/p>\n<h2 style=\"text-align: center;\">Propri\u00e9t\u00e9 de Comporta<\/h2>\n<p>[\/et_pb_text][et_pb_text disabled_on=\u00a0\u00bboff|off|on\u00a0\u00bb _builder_version=\u00a0\u00bb4.16&Prime; text_font=\u00a0\u00bb||||||||\u00a0\u00bb header_font=\u00a0\u00bb||||||||\u00a0\u00bb text_orientation=\u00a0\u00bbcenter\u00a0\u00bb global_colors_info=\u00a0\u00bb{}\u00a0\u00bb header_font_size__hover=\u00a0\u00bb30px\u00a0\u00bb header_font_size__hover_enabled=\u00a0\u00bb30px\u00a0\u00bb header_letter_spacing__hover=\u00a0\u00bb0px\u00a0\u00bb header_letter_spacing__hover_enabled=\u00a0\u00bb0px\u00a0\u00bb header_text_shadow_style__hover=\u00a0\u00bbnone\u00a0\u00bb header_text_shadow_style__hover_enabled=\u00a0\u00bbnone\u00a0\u00bb header_text_shadow_color__hover=\u00a0\u00bbrgba(0,0,0,0.4)\u00a0\u00bb header_text_shadow_color__hover_enabled=\u00a0\u00bbrgba(0,0,0,0.4)\u00a0\u00bb]<\/p>\n<h3>Terre de rizi\u00e8res, de plages idylliques et de petits villages\u2026<\/h3>\n<p>[\/et_pb_text][\/et_pb_column][\/et_pb_row][et_pb_row column_structure=\u00a0\u00bb1_3,1_3,1_3&Prime; admin_label=\u00a0\u00bbComporta\u00a0\u00bb _builder_version=\u00a0\u00bb4.16&Prime; background_size=\u00a0\u00bbinitial\u00a0\u00bb background_position=\u00a0\u00bbtop_left\u00a0\u00bb background_repeat=\u00a0\u00bbrepeat\u00a0\u00bb custom_margin=\u00a0\u00bb|||\u00a0\u00bb custom_padding=\u00a0\u00bb3px|||||\u00a0\u00bb global_colors_info=\u00a0\u00bb{}\u00a0\u00bb][et_pb_column type=\u00a0\u00bb1_3&Prime; _builder_version=\u00a0\u00bb4.16&Prime; background_position=\u00a0\u00bbtop_left\u00a0\u00bb custom_padding=\u00a0\u00bb60px|||\u00a0\u00bb global_colors_info=\u00a0\u00bb{}\u00a0\u00bb custom_padding__hover=\u00a0\u00bb|||\u00a0\u00bb][\/et_pb_column][et_pb_column type=\u00a0\u00bb1_3&Prime; _builder_version=\u00a0\u00bb4.16&Prime; _module_preset=\u00a0\u00bbdefault\u00a0\u00bb global_colors_info=\u00a0\u00bb{}\u00a0\u00bb][et_pb_text _builder_version=\u00a0\u00bb4.16&Prime; header_font=\u00a0\u00bb||||\u00a0\u00bb text_orientation=\u00a0\u00bbcenter\u00a0\u00bb animation_style=\u00a0\u00bbslide\u00a0\u00bb animation_direction=\u00a0\u00bbtop\u00a0\u00bb animation_intensity_slide=\u00a0\u00bb4%\u00a0\u00bb global_colors_info=\u00a0\u00bb{}\u00a0\u00bb]<\/p>\n<p>Cette r\u00e9gion rurale de l&rsquo;Alentejo poss\u00e8de le dernier tron\u00e7on pr\u00e9serv\u00e9 de la c\u00f4te atlantique de tout le sud de l&rsquo;Europe, avec plus de 40 kilom\u00e8tres de plages presque intactes.<\/p>\n<p>[\/et_pb_text][et_pb_image src=\u00a0\u00bbhttps:\/\/comportavillassuites.com\/v1\/wp-content\/uploads\/2020\/11\/herdade-da-comporta-2.jpg\u00a0\u00bb title_text=\u00a0\u00bbherdade-da-comporta-2&Prime; force_fullwidth=\u00a0\u00bbon\u00a0\u00bb _builder_version=\u00a0\u00bb4.16&Prime; custom_padding=\u00a0\u00bb0px||0px|||\u00a0\u00bb animation_style=\u00a0\u00bbslide\u00a0\u00bb animation_direction=\u00a0\u00bbleft\u00a0\u00bb animation_intensity_slide=\u00a0\u00bb10%\u00a0\u00bb always_center_on_mobile=\u00a0\u00bboff\u00a0\u00bb global_colors_info=\u00a0\u00bb{}\u00a0\u00bb][\/et_pb_image][et_pb_text _builder_version=\u00a0\u00bb4.16&Prime; header_font=\u00a0\u00bb||||\u00a0\u00bb text_orientation=\u00a0\u00bbcenter\u00a0\u00bb animation_style=\u00a0\u00bbslide\u00a0\u00bb animation_direction=\u00a0\u00bbtop\u00a0\u00bb animation_intensity_slide=\u00a0\u00bb4%\u00a0\u00bb global_colors_info=\u00a0\u00bb{}\u00a0\u00bb]<\/p>\n<p>Vila da Comporta est un ancien village de p\u00eacheurs et de ruraux qui travaillaient principalement dans les vastes rizi\u00e8res qui embellissent la r\u00e9gion et qui est devenu l&rsquo;un des villages les plus glamour du pays.<\/p>\n<p>[\/et_pb_text][et_pb_image src=\u00a0\u00bbhttps:\/\/comportavillassuites.com\/v1\/wp-content\/uploads\/2020\/11\/Campo-de-arroz.jpg\u00a0\u00bb title_text=\u00a0\u00bbCampo-de-arroz\u00a0\u00bb force_fullwidth=\u00a0\u00bbon\u00a0\u00bb _builder_version=\u00a0\u00bb4.16&Prime; custom_padding=\u00a0\u00bb0px||0px|||\u00a0\u00bb animation_style=\u00a0\u00bbslide\u00a0\u00bb animation_direction=\u00a0\u00bbleft\u00a0\u00bb animation_intensity_slide=\u00a0\u00bb10%\u00a0\u00bb always_center_on_mobile=\u00a0\u00bboff\u00a0\u00bb global_colors_info=\u00a0\u00bb{}\u00a0\u00bb][\/et_pb_image][et_pb_image src=\u00a0\u00bbhttps:\/\/comportavillassuites.com\/v1\/wp-content\/uploads\/2020\/11\/pexels-photo-4213367.jpeg\u00a0\u00bb title_text=\u00a0\u00bbpexels-photo-4213367&Prime; force_fullwidth=\u00a0\u00bbon\u00a0\u00bb _builder_version=\u00a0\u00bb4.16&Prime; custom_margin=\u00a0\u00bb67px|||||\u00a0\u00bb custom_padding=\u00a0\u00bb2px||0px|||\u00a0\u00bb animation_style=\u00a0\u00bbslide\u00a0\u00bb animation_direction=\u00a0\u00bbleft\u00a0\u00bb animation_intensity_slide=\u00a0\u00bb10%\u00a0\u00bb always_center_on_mobile=\u00a0\u00bboff\u00a0\u00bb global_colors_info=\u00a0\u00bb{}\u00a0\u00bb][\/et_pb_image][et_pb_text _builder_version=\u00a0\u00bb4.16&Prime; header_font=\u00a0\u00bb||||\u00a0\u00bb text_orientation=\u00a0\u00bbcenter\u00a0\u00bb animation_style=\u00a0\u00bbslide\u00a0\u00bb animation_direction=\u00a0\u00bbtop\u00a0\u00bb animation_intensity_slide=\u00a0\u00bb4%\u00a0\u00bb global_colors_info=\u00a0\u00bb{}\u00a0\u00bb]<\/p>\n<p style=\"text-align: center;\">Les anciennes \u00e9curies sont devenues des restaurants de luxe, les anciennes boutiques sont d\u00e9sormais des vitrines des marques de design les plus prestigieuses et des \u0153uvres artisanales exclusives. Les huttes aux toits de chaume rugueux, typiques de la r\u00e9gion, prennent d\u00e9sormais la forme de chambres ou d\u2019h\u00e9bergements touristiques raffin\u00e9es et luxueuses.<\/p>\n<p>[\/et_pb_text][et_pb_text _builder_version=\u00a0\u00bb4.16&Prime; header_font=\u00a0\u00bb||||\u00a0\u00bb text_orientation=\u00a0\u00bbcenter\u00a0\u00bb animation_style=\u00a0\u00bbslide\u00a0\u00bb animation_direction=\u00a0\u00bbtop\u00a0\u00bb animation_intensity_slide=\u00a0\u00bb4%\u00a0\u00bb global_colors_info=\u00a0\u00bb{}\u00a0\u00bb]<\/p>\n<p>Il est situ\u00e9 dans la r\u00e9serve naturelle de l&rsquo;estuaire du Sado, o\u00f9 r\u00e8gnent la tranquillit\u00e9 et un style de vie unique, bas\u00e9 sur une v\u00e9ritable connexion avec la nature et le patrimoine local.<\/p>\n<p>[\/et_pb_text][\/et_pb_column][et_pb_column type=\u00a0\u00bb1_3&Prime; _builder_version=\u00a0\u00bb4.16&Prime; background_position=\u00a0\u00bbtop_left\u00a0\u00bb custom_padding=\u00a0\u00bb|||\u00a0\u00bb global_colors_info=\u00a0\u00bb{}\u00a0\u00bb custom_padding__hover=\u00a0\u00bb|||\u00a0\u00bb][et_pb_image src=\u00a0\u00bbhttps:\/\/comportavillassuites.com\/v1\/wp-content\/uploads\/2020\/11\/pexels-photo-910214.jpeg\u00a0\u00bb title_text=\u00a0\u00bbpexels-photo-910214&Prime; force_fullwidth=\u00a0\u00bbon\u00a0\u00bb _builder_version=\u00a0\u00bb4.16&Prime; custom_padding=\u00a0\u00bb0px||0px|||\u00a0\u00bb animation_style=\u00a0\u00bbslide\u00a0\u00bb animation_direction=\u00a0\u00bbleft\u00a0\u00bb animation_intensity_slide=\u00a0\u00bb10%\u00a0\u00bb always_center_on_mobile=\u00a0\u00bboff\u00a0\u00bb global_colors_info=\u00a0\u00bb{}\u00a0\u00bb][\/et_pb_image][\/et_pb_column][\/et_pb_row][\/et_pb_section][et_pb_section fb_built=\u00a0\u00bb1&Prime; admin_label=\u00a0\u00bbCollection intro\u00a0\u00bb _builder_version=\u00a0\u00bb4.16&Prime; background_color=\u00a0\u00bb#f4f4f4&Prime; locked=\u00a0\u00bboff\u00a0\u00bb global_colors_info=\u00a0\u00bb{}\u00a0\u00bb][et_pb_row _builder_version=\u00a0\u00bb4.16&Prime; global_colors_info=\u00a0\u00bb{}\u00a0\u00bb][et_pb_column type=\u00a0\u00bb4_4&Prime; _builder_version=\u00a0\u00bb4.16&Prime; custom_padding=\u00a0\u00bb|||\u00a0\u00bb global_colors_info=\u00a0\u00bb{}\u00a0\u00bb custom_padding__hover=\u00a0\u00bb|||\u00a0\u00bb][et_pb_text _builder_version=\u00a0\u00bb4.16&Prime; link_font=\u00a0\u00bb||||||||\u00a0\u00bb ul_font=\u00a0\u00bb||||||||\u00a0\u00bb header_2_font=\u00a0\u00bb||||||||\u00a0\u00bb header_3_font=\u00a0\u00bb||||||||\u00a0\u00bb header_4_font=\u00a0\u00bb||||||||\u00a0\u00bb text_orientation=\u00a0\u00bbcenter\u00a0\u00bb max_width_tablet=\u00a0\u00bb100%\u00a0\u00bb max_width_phone=\u00a0\u00bb100%\u00a0\u00bb max_width_last_edited=\u00a0\u00bboff|desktop\u00a0\u00bb module_alignment=\u00a0\u00bbright\u00a0\u00bb link_option_url=\u00a0\u00bbhttps:\/\/www.54collection.pt\/\u00a0\u00bb global_colors_info=\u00a0\u00bb{}\u00a0\u00bb]<\/p>\n<h1>54 Collection<\/h1>\n<p>Une collection de 4 exp\u00e9riences d&rsquo;h\u00e9bergement uniques.<br \/>En plus de Comporta Villas &amp; Suites, vous trouverez dans chacune de nos 3 autres unit\u00e9s le m\u00eame mode de r\u00e9ception toujours pr\u00eat \u00e0 offrir des s\u00e9jours inoubliables.<br \/>qui reste \u00e0 jamais dans ta m\u00e9moire<\/p>\n<p>[\/et_pb_text][\/et_pb_column][\/et_pb_row][et_pb_row column_structure=\u00a0\u00bb1_3,1_3,1_3&Prime; use_custom_gutter=\u00a0\u00bbon\u00a0\u00bb gutter_width=\u00a0\u00bb2&Prime; disabled_on=\u00a0\u00bboff|off|off\u00a0\u00bb _builder_version=\u00a0\u00bb4.16&Prime; width=\u00a0\u00bb91%\u00a0\u00bb max_width=\u00a0\u00bb1325px\u00a0\u00bb custom_margin=\u00a0\u00bb|auto|1px|auto||\u00a0\u00bb custom_padding=\u00a0\u00bb0px|0px|0px|0px|true|false\u00a0\u00bb global_colors_info=\u00a0\u00bb{}\u00a0\u00bb][et_pb_column type=\u00a0\u00bb1_3&Prime; _builder_version=\u00a0\u00bb4.16&Prime; custom_padding=\u00a0\u00bb|||\u00a0\u00bb global_colors_info=\u00a0\u00bb{}\u00a0\u00bb custom_padding__hover=\u00a0\u00bb|||\u00a0\u00bb][et_pb_blurb title=\u00a0\u00bb54 Santa Catarina\u00a0\u00bb url=\u00a0\u00bbhttps:\/\/www.54collection.pt\/54santacatarina\/\u00a0\u00bb image=\u00a0\u00bbhttps:\/\/comportavillassuites.com\/v1\/wp-content\/uploads\/2020\/11\/IMG_2687-scaled-1.jpg\u00a0\u00bb _builder_version=\u00a0\u00bb4.16&Prime; header_level=\u00a0\u00bbh2&Prime; text_orientation=\u00a0\u00bbcenter\u00a0\u00bb animation_style=\u00a0\u00bbfade\u00a0\u00bb animation_delay=\u00a0\u00bb200ms\u00a0\u00bb animation=\u00a0\u00bboff\u00a0\u00bb link_option_url=\u00a0\u00bbhttps:\/\/www.54collection.pt\/54santacatarina\/\u00a0\u00bb border_color_all_image=\u00a0\u00bb#ffffff\u00a0\u00bb box_shadow_style_image=\u00a0\u00bbpreset5&Prime; box_shadow_vertical_image=\u00a0\u00bb0px\u00a0\u00bb box_shadow_spread_image=\u00a0\u00bb1px\u00a0\u00bb box_shadow_color_image=\u00a0\u00bb#c4beb9&Prime; locked=\u00a0\u00bboff\u00a0\u00bb global_colors_info=\u00a0\u00bb{}\u00a0\u00bb]<\/p>\n<p>Le 54 Santa Catarina est un h\u00f4tel de caract\u00e8re avec 11 appartements, situ\u00e9 au c\u0153ur du vieux quartier de Lisbonne, entre l&rsquo;\u00e9l\u00e9gant quartier de Chiado et le Tage.<\/p>\n<p>[\/et_pb_blurb][et_pb_button button_url=\u00a0\u00bbhttps:\/\/www.54collection.pt\/54santacatarina\/\u00a0\u00bb button_text=\u00a0\u00bbWebsite\u00a0\u00bb button_alignment=\u00a0\u00bbcenter\u00a0\u00bb disabled_on=\u00a0\u00bboff|on|on\u00a0\u00bb _builder_version=\u00a0\u00bb4.16&Prime; _module_preset=\u00a0\u00bbdefault\u00a0\u00bb custom_button=\u00a0\u00bbon\u00a0\u00bb button_text_color=\u00a0\u00bb#727272&Prime; button_bg_color_gradient_stops=\u00a0\u00bbrgba(51,51,51,0) 96%|#666666 96%\u00a0\u00bb button_bg_color_gradient_start=\u00a0\u00bbrgba(51,51,51,0)\u00a0\u00bb button_bg_color_gradient_start_position=\u00a0\u00bb96%\u00a0\u00bb button_bg_color_gradient_end=\u00a0\u00bb#666666&Prime; button_bg_color_gradient_end_position=\u00a0\u00bb0%\u00a0\u00bb button_border_width=\u00a0\u00bb1px\u00a0\u00bb button_border_color=\u00a0\u00bbrgba(0,0,0,0.07)\u00a0\u00bb button_border_radius=\u00a0\u00bb1px\u00a0\u00bb global_colors_info=\u00a0\u00bb{}\u00a0\u00bb][\/et_pb_button][\/et_pb_column][et_pb_column type=\u00a0\u00bb1_3&Prime; _builder_version=\u00a0\u00bb4.16&Prime; custom_padding=\u00a0\u00bb|||\u00a0\u00bb global_colors_info=\u00a0\u00bb{}\u00a0\u00bb custom_padding__hover=\u00a0\u00bb|||\u00a0\u00bb][et_pb_blurb title=\u00a0\u00bb54 S\u00e3o Paulo\u00a0\u00bb url=\u00a0\u00bbhttps:\/\/www.54collection.pt\/54saopaulo\/\u00a0\u00bb image=\u00a0\u00bbhttps:\/\/comportavillassuites.com\/v1\/wp-content\/uploads\/2020\/11\/Tejo-01-scaled-1.jpg\u00a0\u00bb _builder_version=\u00a0\u00bb4.16&Prime; header_level=\u00a0\u00bbh2&Prime; text_orientation=\u00a0\u00bbcenter\u00a0\u00bb animation_style=\u00a0\u00bbfade\u00a0\u00bb animation_delay=\u00a0\u00bb200ms\u00a0\u00bb animation=\u00a0\u00bboff\u00a0\u00bb link_option_url=\u00a0\u00bbhttps:\/\/www.54collection.pt\/54saopaulo\/\u00a0\u00bb border_color_all_image=\u00a0\u00bb#ffffff\u00a0\u00bb box_shadow_style_image=\u00a0\u00bbpreset5&Prime; box_shadow_vertical_image=\u00a0\u00bb0px\u00a0\u00bb box_shadow_spread_image=\u00a0\u00bb1px\u00a0\u00bb box_shadow_color_image=\u00a0\u00bb#c4beb9&Prime; locked=\u00a0\u00bboff\u00a0\u00bb global_colors_info=\u00a0\u00bb{}\u00a0\u00bb]<\/p>\n<p>54 S\u00e3o Paulo est un h\u00f4tel exclusif de 20 appartements \u00e9l\u00e9gants et sophistiqu\u00e9s, situ\u00e9 au c\u0153ur du vieux quartier de Lisbonne, sur les rives du Tage.<\/p>\n<p>[\/et_pb_blurb][et_pb_button button_url=\u00a0\u00bbhttps:\/\/www.54collection.pt\/54saopaulo\/\u00a0\u00bb button_text=\u00a0\u00bbWebsite\u00a0\u00bb button_alignment=\u00a0\u00bbcenter\u00a0\u00bb disabled_on=\u00a0\u00bboff|on|on\u00a0\u00bb _builder_version=\u00a0\u00bb4.16&Prime; _module_preset=\u00a0\u00bbdefault\u00a0\u00bb custom_button=\u00a0\u00bbon\u00a0\u00bb button_text_color=\u00a0\u00bb#727272&Prime; button_bg_color_gradient_stops=\u00a0\u00bbrgba(51,51,51,0) 96%|#666666 96%\u00a0\u00bb button_bg_color_gradient_start=\u00a0\u00bbrgba(51,51,51,0)\u00a0\u00bb button_bg_color_gradient_start_position=\u00a0\u00bb96%\u00a0\u00bb button_bg_color_gradient_end=\u00a0\u00bb#666666&Prime; button_bg_color_gradient_end_position=\u00a0\u00bb0%\u00a0\u00bb button_border_width=\u00a0\u00bb1px\u00a0\u00bb button_border_color=\u00a0\u00bbrgba(0,0,0,0.07)\u00a0\u00bb button_border_radius=\u00a0\u00bb1px\u00a0\u00bb global_colors_info=\u00a0\u00bb{}\u00a0\u00bb][\/et_pb_button][\/et_pb_column][et_pb_column type=\u00a0\u00bb1_3&Prime; _builder_version=\u00a0\u00bb4.16&Prime; custom_padding=\u00a0\u00bb|||\u00a0\u00bb global_colors_info=\u00a0\u00bb{}\u00a0\u00bb custom_padding__hover=\u00a0\u00bb|||\u00a0\u00bb][et_pb_blurb title=\u00a0\u00bbCampers On Way\u00a0\u00bb url=\u00a0\u00bbhttps:\/\/www.54collection.pt\/campersonway\/\u00a0\u00bb image=\u00a0\u00bbhttps:\/\/comportavillassuites.com\/v1\/wp-content\/uploads\/2020\/11\/campers-on-way-03-1-scaled-1.jpg\u00a0\u00bb _builder_version=\u00a0\u00bb4.16&Prime; header_level=\u00a0\u00bbh2&Prime; text_orientation=\u00a0\u00bbcenter\u00a0\u00bb animation_style=\u00a0\u00bbfade\u00a0\u00bb animation_delay=\u00a0\u00bb200ms\u00a0\u00bb animation=\u00a0\u00bboff\u00a0\u00bb link_option_url=\u00a0\u00bbhttps:\/\/www.54collection.pt\/campersonway\/\u00a0\u00bb border_color_all_image=\u00a0\u00bb#ffffff\u00a0\u00bb box_shadow_style_image=\u00a0\u00bbpreset5&Prime; box_shadow_vertical_image=\u00a0\u00bb0px\u00a0\u00bb box_shadow_spread_image=\u00a0\u00bb1px\u00a0\u00bb box_shadow_color_image=\u00a0\u00bb#c4beb9&Prime; locked=\u00a0\u00bboff\u00a0\u00bb global_colors_info=\u00a0\u00bb{}\u00a0\u00bb]<\/p>\n<p>Bien plus que de simples caravanes, nos v\u00e9hicules sont des suites avec lesquelles vous pouvez voyager en toute libert\u00e9 et confort pour d\u00e9couvrir les endroits les plus authentiques du Portugal.<\/p>\n<p>[\/et_pb_blurb][et_pb_button button_url=\u00a0\u00bbhttps:\/\/www.54collection.pt\/campersonway\/\u00a0\u00bb button_text=\u00a0\u00bbWebsite\u00a0\u00bb button_alignment=\u00a0\u00bbcenter\u00a0\u00bb disabled_on=\u00a0\u00bboff|on|on\u00a0\u00bb _builder_version=\u00a0\u00bb4.16&Prime; _module_preset=\u00a0\u00bbdefault\u00a0\u00bb custom_button=\u00a0\u00bbon\u00a0\u00bb button_text_color=\u00a0\u00bb#727272&Prime; button_bg_color_gradient_stops=\u00a0\u00bbrgba(51,51,51,0) 96%|#666666 96%\u00a0\u00bb button_bg_color_gradient_start=\u00a0\u00bbrgba(51,51,51,0)\u00a0\u00bb button_bg_color_gradient_start_position=\u00a0\u00bb96%\u00a0\u00bb button_bg_color_gradient_end=\u00a0\u00bb#666666&Prime; button_bg_color_gradient_end_position=\u00a0\u00bb0%\u00a0\u00bb button_border_width=\u00a0\u00bb1px\u00a0\u00bb button_border_color=\u00a0\u00bbrgba(0,0,0,0.07)\u00a0\u00bb button_border_radius=\u00a0\u00bb1px\u00a0\u00bb global_colors_info=\u00a0\u00bb{}\u00a0\u00bb][\/et_pb_button][\/et_pb_column][\/et_pb_row][et_pb_row column_structure=\u00a0\u00bb1_3,1_3,1_3&Prime; use_custom_gutter=\u00a0\u00bbon\u00a0\u00bb gutter_width=\u00a0\u00bb2&Prime; disabled_on=\u00a0\u00bbon|off|off\u00a0\u00bb _builder_version=\u00a0\u00bb4.16&Prime; width=\u00a0\u00bb91%\u00a0\u00bb max_width=\u00a0\u00bb1325px\u00a0\u00bb custom_margin=\u00a0\u00bb|auto|1px|auto||\u00a0\u00bb custom_padding=\u00a0\u00bb0px|0px|0px|0px|true|false\u00a0\u00bb global_colors_info=\u00a0\u00bb{}\u00a0\u00bb][et_pb_column type=\u00a0\u00bb1_3&Prime; _builder_version=\u00a0\u00bb4.16&Prime; custom_padding=\u00a0\u00bb|||\u00a0\u00bb global_colors_info=\u00a0\u00bb{}\u00a0\u00bb custom_padding__hover=\u00a0\u00bb|||\u00a0\u00bb][et_pb_button button_url=\u00a0\u00bbhttps:\/\/www.54collection.pt\/54santacatarina\/\u00a0\u00bb button_text=\u00a0\u00bbWebsite\u00a0\u00bb button_alignment=\u00a0\u00bbcenter\u00a0\u00bb _builder_version=\u00a0\u00bb4.16&Prime; _module_preset=\u00a0\u00bbdefault\u00a0\u00bb custom_button=\u00a0\u00bbon\u00a0\u00bb button_text_color=\u00a0\u00bb#727272&Prime; button_bg_color_gradient_stops=\u00a0\u00bbrgba(51,51,51,0) 96%|#666666 96%\u00a0\u00bb button_bg_color_gradient_start=\u00a0\u00bbrgba(51,51,51,0)\u00a0\u00bb button_bg_color_gradient_start_position=\u00a0\u00bb96%\u00a0\u00bb button_bg_color_gradient_end=\u00a0\u00bb#666666&Prime; button_bg_color_gradient_end_position=\u00a0\u00bb0%\u00a0\u00bb button_border_width=\u00a0\u00bb1px\u00a0\u00bb button_border_color=\u00a0\u00bbrgba(0,0,0,0.07)\u00a0\u00bb button_border_radius=\u00a0\u00bb1px\u00a0\u00bb global_colors_info=\u00a0\u00bb{}\u00a0\u00bb][\/et_pb_button][\/et_pb_column][et_pb_column type=\u00a0\u00bb1_3&Prime; _builder_version=\u00a0\u00bb4.16&Prime; custom_padding=\u00a0\u00bb|||\u00a0\u00bb global_colors_info=\u00a0\u00bb{}\u00a0\u00bb custom_padding__hover=\u00a0\u00bb|||\u00a0\u00bb][et_pb_button button_url=\u00a0\u00bbhttps:\/\/www.54collection.pt\/54saopaulo\/\u00a0\u00bb button_text=\u00a0\u00bbWebsite\u00a0\u00bb button_alignment=\u00a0\u00bbcenter\u00a0\u00bb _builder_version=\u00a0\u00bb4.16&Prime; _module_preset=\u00a0\u00bbdefault\u00a0\u00bb custom_button=\u00a0\u00bbon\u00a0\u00bb button_text_color=\u00a0\u00bb#727272&Prime; button_bg_color_gradient_stops=\u00a0\u00bbrgba(51,51,51,0) 96%|#666666 96%\u00a0\u00bb button_bg_color_gradient_start=\u00a0\u00bbrgba(51,51,51,0)\u00a0\u00bb button_bg_color_gradient_start_position=\u00a0\u00bb96%\u00a0\u00bb button_bg_color_gradient_end=\u00a0\u00bb#666666&Prime; button_bg_color_gradient_end_position=\u00a0\u00bb0%\u00a0\u00bb button_border_width=\u00a0\u00bb1px\u00a0\u00bb button_border_color=\u00a0\u00bbrgba(0,0,0,0.07)\u00a0\u00bb button_border_radius=\u00a0\u00bb1px\u00a0\u00bb global_colors_info=\u00a0\u00bb{}\u00a0\u00bb][\/et_pb_button][\/et_pb_column][et_pb_column type=\u00a0\u00bb1_3&Prime; _builder_version=\u00a0\u00bb4.16&Prime; custom_padding=\u00a0\u00bb|||\u00a0\u00bb global_colors_info=\u00a0\u00bb{}\u00a0\u00bb custom_padding__hover=\u00a0\u00bb|||\u00a0\u00bb][et_pb_button button_url=\u00a0\u00bbhttps:\/\/www.54collection.pt\/campersonway\/\u00a0\u00bb button_text=\u00a0\u00bbWebsite\u00a0\u00bb button_alignment=\u00a0\u00bbcenter\u00a0\u00bb _builder_version=\u00a0\u00bb4.16&Prime; _module_preset=\u00a0\u00bbdefault\u00a0\u00bb custom_button=\u00a0\u00bbon\u00a0\u00bb button_text_color=\u00a0\u00bb#727272&Prime; button_bg_color_gradient_stops=\u00a0\u00bbrgba(51,51,51,0) 96%|#666666 96%\u00a0\u00bb button_bg_color_gradient_start=\u00a0\u00bbrgba(51,51,51,0)\u00a0\u00bb button_bg_color_gradient_start_position=\u00a0\u00bb96%\u00a0\u00bb button_bg_color_gradient_end=\u00a0\u00bb#666666&Prime; button_bg_color_gradient_end_position=\u00a0\u00bb0%\u00a0\u00bb button_border_width=\u00a0\u00bb1px\u00a0\u00bb button_border_color=\u00a0\u00bbrgba(0,0,0,0.07)\u00a0\u00bb button_border_radius=\u00a0\u00bb1px\u00a0\u00bb global_colors_info=\u00a0\u00bb{}\u00a0\u00bb][\/et_pb_button][\/et_pb_column][\/et_pb_row][\/et_pb_section][et_pb_section fb_built=\u00a0\u00bb1&Prime; admin_label=\u00a0\u00bbDivider\u00a0\u00bb _builder_version=\u00a0\u00bb4.16&Prime; _module_preset=\u00a0\u00bbdefault\u00a0\u00bb custom_padding=\u00a0\u00bb0px||30px|||\u00a0\u00bb global_colors_info=\u00a0\u00bb{}\u00a0\u00bb][et_pb_row _builder_version=\u00a0\u00bb4.16&Prime; _module_preset=\u00a0\u00bbdefault\u00a0\u00bb width=\u00a0\u00bb100%\u00a0\u00bb max_width=\u00a0\u00bb2560px\u00a0\u00bb custom_padding=\u00a0\u00bb15px||0px|||\u00a0\u00bb global_colors_info=\u00a0\u00bb{}\u00a0\u00bb][et_pb_column type=\u00a0\u00bb4_4&Prime; _builder_version=\u00a0\u00bb4.16&Prime; _module_preset=\u00a0\u00bbdefault\u00a0\u00bb global_colors_info=\u00a0\u00bb{}\u00a0\u00bb][et_pb_divider color=\u00a0\u00bb#c4c4c4&Prime; divider_weight=\u00a0\u00bb2px\u00a0\u00bb _builder_version=\u00a0\u00bb4.16&Prime; _module_preset=\u00a0\u00bbdefault\u00a0\u00bb custom_margin=\u00a0\u00bb-19px||-102px||false|false\u00a0\u00bb custom_padding=\u00a0\u00bb5px||22px||false|false\u00a0\u00bb global_colors_info=\u00a0\u00bb{}\u00a0\u00bb][\/et_pb_divider][\/et_pb_column][\/et_pb_row][\/et_pb_section][et_pb_section fb_built=\u00a0\u00bb1&Prime; _builder_version=\u00a0\u00bb4.16&Prime; _module_preset=\u00a0\u00bbdefault\u00a0\u00bb custom_padding=\u00a0\u00bb0px||6px|||\u00a0\u00bb global_colors_info=\u00a0\u00bb{}\u00a0\u00bb][et_pb_row _builder_version=\u00a0\u00bb4.16&Prime; _module_preset=\u00a0\u00bbdefault\u00a0\u00bb custom_padding=\u00a0\u00bb||0px|||\u00a0\u00bb global_colors_info=\u00a0\u00bb{}\u00a0\u00bb][et_pb_column type=\u00a0\u00bb4_4&Prime; _builder_version=\u00a0\u00bb4.16&Prime; _module_preset=\u00a0\u00bbdefault\u00a0\u00bb global_colors_info=\u00a0\u00bb{}\u00a0\u00bb][et_pb_text _builder_version=\u00a0\u00bb4.16&Prime; _module_preset=\u00a0\u00bbdefault\u00a0\u00bb header_text_color=\u00a0\u00bb#757575&Prime; header_font_size=\u00a0\u00bb28px\u00a0\u00bb header_3_font=\u00a0\u00bbAllan||||||||\u00a0\u00bb header_3_text_color=\u00a0\u00bb#757575&Prime; header_3_font_size=\u00a0\u00bb60px\u00a0\u00bb min_height_tablet=\u00a0\u00bb\u00a0\u00bb min_height_phone=\u00a0\u00bb\u00a0\u00bb min_height_last_edited=\u00a0\u00bbon|desktop\u00a0\u00bb custom_margin=\u00a0\u00bb0px||-109px||false|false\u00a0\u00bb global_colors_info=\u00a0\u00bb{}\u00a0\u00bb min_height__hover_enabled=\u00a0\u00bbon|desktop\u00a0\u00bb]<\/p>\n<h3 style=\"text-align: center;\">\u00ab\u00a0<\/h3>\n<p>[\/et_pb_text][\/et_pb_column][\/et_pb_row][\/et_pb_section][et_pb_section fb_built=\u00a0\u00bb1&Prime; admin_label=\u00a0\u00bbComentarios\u00a0\u00bb _builder_version=\u00a0\u00bb4.16&Prime; _module_preset=\u00a0\u00bbdefault\u00a0\u00bb z_index=\u00a0\u00bb-500&Prime; custom_margin=\u00a0\u00bb-74px||3px||false|false\u00a0\u00bb custom_padding=\u00a0\u00bb0px||0px||false|false\u00a0\u00bb global_colors_info=\u00a0\u00bb{}\u00a0\u00bb][et_pb_row use_custom_gutter=\u00a0\u00bbon\u00a0\u00bb gutter_width=\u00a0\u00bb1&Prime; _builder_version=\u00a0\u00bb4.16&Prime; _module_preset=\u00a0\u00bbdefault\u00a0\u00bb width=\u00a0\u00bb100%\u00a0\u00bb max_width=\u00a0\u00bb1914px\u00a0\u00bb custom_margin=\u00a0\u00bb0px||0px||false|false\u00a0\u00bb custom_padding=\u00a0\u00bb0px||0px||false|false\u00a0\u00bb global_colors_info=\u00a0\u00bb{}\u00a0\u00bb][et_pb_column type=\u00a0\u00bb4_4&Prime; _builder_version=\u00a0\u00bb4.16&Prime; _module_preset=\u00a0\u00bbdefault\u00a0\u00bb global_colors_info=\u00a0\u00bb{}\u00a0\u00bb][et_pb_slider _builder_version=\u00a0\u00bb4.16&Prime; _module_preset=\u00a0\u00bbdefault\u00a0\u00bb auto=\u00a0\u00bbon\u00a0\u00bb auto_speed=\u00a0\u00bb10000&Prime; auto_ignore_hover=\u00a0\u00bbon\u00a0\u00bb global_colors_info=\u00a0\u00bb{}\u00a0\u00bb][et_pb_slide heading=\u00a0\u00bb%22Agrad\u00e1vel e muito moderna%22&Prime; use_bg_overlay=\u00a0\u00bboff\u00a0\u00bb use_text_overlay=\u00a0\u00bboff\u00a0\u00bb _builder_version=\u00a0\u00bb4.16&Prime; _module_preset=\u00a0\u00bbdefault\u00a0\u00bb header_level=\u00a0\u00bbh4&Prime; header_text_shadow_style=\u00a0\u00bbpreset1&Prime; body_text_shadow_style=\u00a0\u00bbpreset4&Prime; global_colors_info=\u00a0\u00bb{}\u00a0\u00bb sticky_transition=\u00a0\u00bbon\u00a0\u00bb]<\/p>\n<p>L | France<br \/>\u00ab Excellente villa avec plusieurs chambres et nous avions toute la villa pour nous seuls.<br \/>\u00ab Excellente villa avec plusieurs chambres et nous avions toute la villa pour nous seuls.<br \/>Salle de bain tr\u00e8s agr\u00e9able et tr\u00e8s moderne, douche double.<br \/>Tenu par un h\u00f4te tr\u00e8s sympathique\u00a0\u00bb<\/p>\n<p>[\/et_pb_slide][et_pb_slide heading=\u00a0\u00bb%22Sossegado e relaxante%22&Prime; use_bg_overlay=\u00a0\u00bboff\u00a0\u00bb use_text_overlay=\u00a0\u00bboff\u00a0\u00bb _builder_version=\u00a0\u00bb4.16&Prime; _module_preset=\u00a0\u00bbdefault\u00a0\u00bb header_level=\u00a0\u00bbh4&Prime; background_enable_color=\u00a0\u00bboff\u00a0\u00bb background_enable_image=\u00a0\u00bboff\u00a0\u00bb header_text_shadow_style=\u00a0\u00bbpreset1&Prime; body_text_shadow_style=\u00a0\u00bbpreset4&Prime; global_colors_info=\u00a0\u00bb{}\u00a0\u00bb header_text_shadow_vertical_length__hover_enabled=\u00a0\u00bbon|desktop\u00a0\u00bb sticky_transition=\u00a0\u00bbon\u00a0\u00bb]<\/p>\n<p>Ana | Portugal<br \/>\n\u201cUne grande maison pour accueillir une grande famille ou un groupe d&rsquo;amis.<br \/>\nL&rsquo;endroit est calme et reposant. A D. M\u00f3nica \u00e9 simp\u00e1tica e atenciosa.<\/p>\n<p>[\/et_pb_slide][et_pb_slide heading=\u00a0\u00bb%22Muito confort\u00e1vel%22&Prime; use_bg_overlay=\u00a0\u00bboff\u00a0\u00bb use_text_overlay=\u00a0\u00bboff\u00a0\u00bb _builder_version=\u00a0\u00bb4.16&Prime; _module_preset=\u00a0\u00bbdefault\u00a0\u00bb header_level=\u00a0\u00bbh4&Prime; background_enable_color=\u00a0\u00bboff\u00a0\u00bb background_enable_image=\u00a0\u00bboff\u00a0\u00bb header_text_shadow_style=\u00a0\u00bbpreset1&Prime; body_text_shadow_style=\u00a0\u00bbpreset4&Prime; global_colors_info=\u00a0\u00bb{}\u00a0\u00bb header_text_shadow_vertical_length__hover_enabled=\u00a0\u00bbon|desktop\u00a0\u00bb sticky_transition=\u00a0\u00bbon\u00a0\u00bb]<\/p>\n<p>Jose Manuel | Espanha<br \/>\n\u201cMaison tr\u00e8s spacieuse et confortable, nous \u00e9tions sept personnes et c&rsquo;\u00e9tait tr\u00e8s confortable.<br \/>\nBon emplacement \u00e0 proximit\u00e9 de Comporta et des plages et de l&rsquo;attention de M\u00f3nica \u00bb<\/p>\n<p>[\/et_pb_slide][\/et_pb_slider][\/et_pb_column][\/et_pb_row][\/et_pb_section][et_pb_section fb_built=\u00a0\u00bb1&Prime; admin_label=\u00a0\u00bbDivider\u00a0\u00bb _builder_version=\u00a0\u00bb4.16&Prime; _module_preset=\u00a0\u00bbdefault\u00a0\u00bb custom_padding=\u00a0\u00bb0px||30px|||\u00a0\u00bb global_colors_info=\u00a0\u00bb{}\u00a0\u00bb][et_pb_row _builder_version=\u00a0\u00bb4.16&Prime; _module_preset=\u00a0\u00bbdefault\u00a0\u00bb width=\u00a0\u00bb100%\u00a0\u00bb max_width=\u00a0\u00bb2560px\u00a0\u00bb custom_padding=\u00a0\u00bb0px||0px|||\u00a0\u00bb global_colors_info=\u00a0\u00bb{}\u00a0\u00bb][et_pb_column type=\u00a0\u00bb4_4&Prime; _builder_version=\u00a0\u00bb4.16&Prime; _module_preset=\u00a0\u00bbdefault\u00a0\u00bb global_colors_info=\u00a0\u00bb{}\u00a0\u00bb][et_pb_divider color=\u00a0\u00bb#c4c4c4&Prime; divider_weight=\u00a0\u00bb1px\u00a0\u00bb _builder_version=\u00a0\u00bb4.16&Prime; _module_preset=\u00a0\u00bbdefault\u00a0\u00bb custom_margin=\u00a0\u00bb-2px||-78px||false|false\u00a0\u00bb custom_padding=\u00a0\u00bb16px||8px||false|false\u00a0\u00bb global_colors_info=\u00a0\u00bb{}\u00a0\u00bb][\/et_pb_divider][\/et_pb_column][\/et_pb_row][\/et_pb_section][et_pb_section fb_built=\u00a0\u00bb1&Prime; admin_label=\u00a0\u00bbContatos\u00a0\u00bb _builder_version=\u00a0\u00bb4.16&Prime; custom_margin=\u00a0\u00bb-11px|||||\u00a0\u00bb custom_padding=\u00a0\u00bb14px|0px|14px|0px|true|false\u00a0\u00bb saved_tabs=\u00a0\u00bball\u00a0\u00bb collapsed=\u00a0\u00bbon\u00a0\u00bb global_colors_info=\u00a0\u00bb{}\u00a0\u00bb][et_pb_row _builder_version=\u00a0\u00bb4.16&Prime; min_height=\u00a0\u00bb133px\u00a0\u00bb custom_margin=\u00a0\u00bb|auto|-2px|auto||\u00a0\u00bb custom_padding=\u00a0\u00bb39px||15px|||\u00a0\u00bb global_colors_info=\u00a0\u00bb{}\u00a0\u00bb][et_pb_column type=\u00a0\u00bb4_4&Prime; _builder_version=\u00a0\u00bb4.16&Prime; custom_padding=\u00a0\u00bb|||\u00a0\u00bb global_colors_info=\u00a0\u00bb{}\u00a0\u00bb custom_padding__hover=\u00a0\u00bb|||\u00a0\u00bb][et_pb_text _builder_version=\u00a0\u00bb4.22.0&Prime; link_font=\u00a0\u00bb||||||||\u00a0\u00bb ul_font=\u00a0\u00bb||||||||\u00a0\u00bb header_2_font=\u00a0\u00bb||||||||\u00a0\u00bb header_3_font=\u00a0\u00bb||||||||\u00a0\u00bb header_4_font=\u00a0\u00bb||||||||\u00a0\u00bb text_orientation=\u00a0\u00bbcenter\u00a0\u00bb module_alignment=\u00a0\u00bbright\u00a0\u00bb hover_enabled=\u00a0\u00bb0&Prime; global_colors_info=\u00a0\u00bb{}\u00a0\u00bb sticky_enabled=\u00a0\u00bb0&Prime;]<\/p>\n<h1>Contacts<\/h1>\n<p>Geral: +351 962 737 890<br \/>Mail: booking@amgi.pt<\/p>\n<p>[\/et_pb_text][\/et_pb_column][\/et_pb_row][et_pb_row use_custom_gutter=\u00a0\u00bbon\u00a0\u00bb gutter_width=\u00a0\u00bb1&Prime; _builder_version=\u00a0\u00bb4.16&Prime; min_height=\u00a0\u00bb133px\u00a0\u00bb custom_margin=\u00a0\u00bb-1px|auto|-49px|auto|false|false\u00a0\u00bb custom_padding=\u00a0\u00bb0px||0px||false|false\u00a0\u00bb global_colors_info=\u00a0\u00bb{}\u00a0\u00bb][et_pb_column type=\u00a0\u00bb4_4&Prime; _builder_version=\u00a0\u00bb4.16&Prime; custom_padding=\u00a0\u00bb|||\u00a0\u00bb global_colors_info=\u00a0\u00bb{}\u00a0\u00bb custom_padding__hover=\u00a0\u00bb|||\u00a0\u00bb][et_pb_social_media_follow _builder_version=\u00a0\u00bb4.16&Prime; _module_preset=\u00a0\u00bbdefault\u00a0\u00bb text_orientation=\u00a0\u00bbcenter\u00a0\u00bb global_colors_info=\u00a0\u00bb{}\u00a0\u00bb][et_pb_social_media_follow_network social_network=\u00a0\u00bbfacebook\u00a0\u00bb url=\u00a0\u00bbhttps:\/\/www.facebook.com\/ComportaVillasSuites\u00a0\u00bb _builder_version=\u00a0\u00bb4.16&Prime; _module_preset=\u00a0\u00bbdefault\u00a0\u00bb background_color=\u00a0\u00bb#565656&Prime; background_enable_color=\u00a0\u00bbon\u00a0\u00bb global_colors_info=\u00a0\u00bb{}\u00a0\u00bb follow_button=\u00a0\u00bboff\u00a0\u00bb url_new_window=\u00a0\u00bbon\u00a0\u00bb]facebook[\/et_pb_social_media_follow_network][et_pb_social_media_follow_network social_network=\u00a0\u00bbinstagram\u00a0\u00bb url=\u00a0\u00bbhttps:\/\/www.instagram.com\/54.santacatarina\/\u00a0\u00bb _builder_version=\u00a0\u00bb4.16&Prime; _module_preset=\u00a0\u00bbdefault\u00a0\u00bb background_color=\u00a0\u00bb#565656&Prime; background_enable_color=\u00a0\u00bbon\u00a0\u00bb global_colors_info=\u00a0\u00bb{}\u00a0\u00bb follow_button=\u00a0\u00bboff\u00a0\u00bb url_new_window=\u00a0\u00bbon\u00a0\u00bb]instagram[\/et_pb_social_media_follow_network][\/et_pb_social_media_follow][\/et_pb_column][\/et_pb_row][\/et_pb_section][et_pb_section fb_built=\u00a0\u00bb1&Prime; disabled_on=\u00a0\u00bboff|on|on\u00a0\u00bb admin_label=\u00a0\u00bbbotao book now low\u00a0\u00bb _builder_version=\u00a0\u00bb4.7.4&Prime; _module_preset=\u00a0\u00bbdefault\u00a0\u00bb background_color=\u00a0\u00bb#000000&Prime; positioning=\u00a0\u00bbfixed\u00a0\u00bb position_origin_f=\u00a0\u00bbbottom_center\u00a0\u00bb z_index=\u00a0\u00bb500&Prime; custom_padding=\u00a0\u00bb0px||0px|||\u00a0\u00bb global_module=\u00a0\u00bb2128&Prime; saved_tabs=\u00a0\u00bball\u00a0\u00bb collapsed=\u00a0\u00bboff\u00a0\u00bb global_colors_info=\u00a0\u00bb{}\u00a0\u00bb][et_pb_row _builder_version=\u00a0\u00bb4.16&Prime; _module_preset=\u00a0\u00bbdefault\u00a0\u00bb custom_padding=\u00a0\u00bb0px||0px|||\u00a0\u00bb global_colors_info=\u00a0\u00bb{}\u00a0\u00bb][et_pb_column type=\u00a0\u00bb4_4&Prime; _builder_version=\u00a0\u00bb4.16&Prime; _module_preset=\u00a0\u00bbdefault\u00a0\u00bb global_colors_info=\u00a0\u00bb{}\u00a0\u00bb][et_pb_button button_url=\u00a0\u00bbhttps:\/\/comportavillassuites.com\/v1\/fr\/contacts\/\u00a0\u00bb button_text=\u00a0\u00bbBook Now\u00a0\u00bb button_alignment=\u00a0\u00bbcenter\u00a0\u00bb disabled_on=\u00a0\u00bboff|off|off\u00a0\u00bb _builder_version=\u00a0\u00bb4.16&Prime; _module_preset=\u00a0\u00bbdefault\u00a0\u00bb custom_button=\u00a0\u00bbon\u00a0\u00bb button_text_size=\u00a0\u00bb19px\u00a0\u00bb button_border_width=\u00a0\u00bb0px\u00a0\u00bb button_font=\u00a0\u00bbAbhaya Libre||||||||\u00a0\u00bb background_layout=\u00a0\u00bbdark\u00a0\u00bb global_colors_info=\u00a0\u00bb{}\u00a0\u00bb][\/et_pb_button][\/et_pb_column][\/et_pb_row][\/et_pb_section][et_pb_section fb_built=\u00a0\u00bb1&Prime; _builder_version=\u00a0\u00bb4.7.4&Prime; _module_preset=\u00a0\u00bbdefault\u00a0\u00bb background_color=\u00a0\u00bb#656565&Prime; custom_padding=\u00a0\u00bb24px||13px|||\u00a0\u00bb global_module=\u00a0\u00bb1805&Prime; saved_tabs=\u00a0\u00bball\u00a0\u00bb global_colors_info=\u00a0\u00bb{}\u00a0\u00bb][et_pb_row column_structure=\u00a0\u00bb1_3,1_3,1_3&Prime; use_custom_gutter=\u00a0\u00bbon\u00a0\u00bb gutter_width=\u00a0\u00bb1&Prime; _builder_version=\u00a0\u00bb4.16&Prime; _module_preset=\u00a0\u00bbdefault\u00a0\u00bb width=\u00a0\u00bb84%\u00a0\u00bb max_width=\u00a0\u00bb548px\u00a0\u00bb custom_margin=\u00a0\u00bb-10px|auto||auto||\u00a0\u00bb custom_padding=\u00a0\u00bb||22px|||\u00a0\u00bb global_colors_info=\u00a0\u00bb{}\u00a0\u00bb][et_pb_column type=\u00a0\u00bb1_3&Prime; _builder_version=\u00a0\u00bb4.16&Prime; _module_preset=\u00a0\u00bbdefault\u00a0\u00bb global_colors_info=\u00a0\u00bb{}\u00a0\u00bb][et_pb_text _builder_version=\u00a0\u00bb4.16&Prime; _module_preset=\u00a0\u00bbdefault\u00a0\u00bb text_font=\u00a0\u00bbDavid Libre||||||||\u00a0\u00bb text_text_color=\u00a0\u00bb#D5D5D5&Prime; header_font=\u00a0\u00bbAdvent Pro||||||||\u00a0\u00bb header_5_font=\u00a0\u00bbAmiri||||||||\u00a0\u00bb header_5_text_align=\u00a0\u00bbcenter\u00a0\u00bb header_5_text_color=\u00a0\u00bb#dddddd\u00a0\u00bb header_5_font_size=\u00a0\u00bb14px\u00a0\u00bb header_5_letter_spacing=\u00a0\u00bb1px\u00a0\u00bb link_option_url=\u00a0\u00bbhttps:\/\/comportavillassuites.com\/v1\/fr\/a-propos-de-nous\/\u00a0\u00bb global_colors_info=\u00a0\u00bb{}\u00a0\u00bb]<\/p>\n<h5 style=\"text-align: center;\">SOBRE N\u00d3S<\/h5>\n<p>[\/et_pb_text][\/et_pb_column][et_pb_column type=\u00a0\u00bb1_3&Prime; _builder_version=\u00a0\u00bb4.16&Prime; _module_preset=\u00a0\u00bbdefault\u00a0\u00bb global_colors_info=\u00a0\u00bb{}\u00a0\u00bb][et_pb_text _builder_version=\u00a0\u00bb4.16&Prime; _module_preset=\u00a0\u00bbdefault\u00a0\u00bb text_font=\u00a0\u00bbDavid Libre||||||||\u00a0\u00bb text_text_color=\u00a0\u00bb#D5D5D5&Prime; header_font=\u00a0\u00bbAdvent Pro||||||||\u00a0\u00bb header_5_font=\u00a0\u00bbAmiri||||||||\u00a0\u00bb header_5_text_align=\u00a0\u00bbcenter\u00a0\u00bb header_5_text_color=\u00a0\u00bb#dddddd\u00a0\u00bb header_5_font_size=\u00a0\u00bb14px\u00a0\u00bb header_5_letter_spacing=\u00a0\u00bb1px\u00a0\u00bb link_option_url=\u00a0\u00bbhttps:\/\/comportavillassuites.com\/v1\/fr\/termes-et-conditions\/\u00a0\u00bb global_colors_info=\u00a0\u00bb{}\u00a0\u00bb]<\/p>\n<h5>TERMOS E CONDI\u00c7\u00d5ES<\/h5>\n<p>[\/et_pb_text][\/et_pb_column][et_pb_column type=\u00a0\u00bb1_3&Prime; _builder_version=\u00a0\u00bb4.16&Prime; _module_preset=\u00a0\u00bbdefault\u00a0\u00bb global_colors_info=\u00a0\u00bb{}\u00a0\u00bb][et_pb_text _builder_version=\u00a0\u00bb4.16&Prime; _module_preset=\u00a0\u00bbdefault\u00a0\u00bb text_font=\u00a0\u00bbDavid Libre||||||||\u00a0\u00bb text_text_color=\u00a0\u00bb#D5D5D5&Prime; header_font=\u00a0\u00bbAdvent Pro||||||||\u00a0\u00bb header_5_font=\u00a0\u00bbAmiri||||||||\u00a0\u00bb header_5_text_align=\u00a0\u00bbcenter\u00a0\u00bb header_5_text_color=\u00a0\u00bb#dddddd\u00a0\u00bb header_5_font_size=\u00a0\u00bb14px\u00a0\u00bb header_5_letter_spacing=\u00a0\u00bb1px\u00a0\u00bb link_option_url=\u00a0\u00bbhttps:\/\/comportavillassuites.com\/v1\/fr\/politique-de-confidentialite\/\u00a0\u00bb global_colors_info=\u00a0\u00bb{}\u00a0\u00bb]<\/p>\n<h5 style=\"text-align: center;\">PRIVACIDADE<\/h5>\n<p>[\/et_pb_text][\/et_pb_column][\/et_pb_row][et_pb_row _builder_version=\u00a0\u00bb4.16&Prime; _module_preset=\u00a0\u00bbdefault\u00a0\u00bb custom_padding=\u00a0\u00bb0px|||||\u00a0\u00bb global_colors_info=\u00a0\u00bb{}\u00a0\u00bb][et_pb_column type=\u00a0\u00bb4_4&Prime; _builder_version=\u00a0\u00bb4.16&Prime; _module_preset=\u00a0\u00bbdefault\u00a0\u00bb global_colors_info=\u00a0\u00bb{}\u00a0\u00bb][et_pb_text _builder_version=\u00a0\u00bb4.16&Prime; _module_preset=\u00a0\u00bbdefault\u00a0\u00bb text_font=\u00a0\u00bbDavid Libre||||||||\u00a0\u00bb text_text_color=\u00a0\u00bb#D5D5D5&Prime; header_font=\u00a0\u00bbAdvent Pro||||||||\u00a0\u00bb header_5_font=\u00a0\u00bbAmiri||||||||\u00a0\u00bb header_5_text_align=\u00a0\u00bbcenter\u00a0\u00bb header_5_text_color=\u00a0\u00bb#BAAC8F\u00a0\u00bb header_5_font_size=\u00a0\u00bb15px\u00a0\u00bb header_5_letter_spacing=\u00a0\u00bb1px\u00a0\u00bb global_colors_info=\u00a0\u00bb{}\u00a0\u00bb]<\/p>\n<h5><a href=\"https:\/\/www.amgi.pt\/\">\u24b8 AMGI &#8211; Recupera\u00e7\u00e3o Arquitectura e Turismo<\/a><\/h5>\n<p>[\/et_pb_text][\/et_pb_column][\/et_pb_row][\/et_pb_section][et_pb_section fb_built=\u00a0\u00bb1&Prime; disabled_on=\u00a0\u00bbon|on|on\u00a0\u00bb admin_label=\u00a0\u00bbMenu low linguas desktop\u00a0\u00bb _builder_version=\u00a0\u00bb4.16&Prime; _module_preset=\u00a0\u00bbdefault\u00a0\u00bb background_enable_color=\u00a0\u00bboff\u00a0\u00bb positioning=\u00a0\u00bbfixed\u00a0\u00bb position_origin_f=\u00a0\u00bbbottom_left\u00a0\u00bb vertical_offset=\u00a0\u00bb-1px\u00a0\u00bb z_index=\u00a0\u00bb91&Prime; custom_margin=\u00a0\u00bb1px|0px||0px|false|false\u00a0\u00bb custom_padding=\u00a0\u00bb0px|0px|0px|0px|false|false\u00a0\u00bb disabled=\u00a0\u00bbon\u00a0\u00bb global_colors_info=\u00a0\u00bb{}\u00a0\u00bb][et_pb_row _builder_version=\u00a0\u00bb4.16&Prime; _module_preset=\u00a0\u00bbdefault\u00a0\u00bb background_enable_color=\u00a0\u00bboff\u00a0\u00bb custom_padding=\u00a0\u00bb0px||0px|||\u00a0\u00bb global_colors_info=\u00a0\u00bb{}\u00a0\u00bb][et_pb_column type=\u00a0\u00bb4_4&Prime; _builder_version=\u00a0\u00bb4.16&Prime; _module_preset=\u00a0\u00bbdefault\u00a0\u00bb background_enable_color=\u00a0\u00bboff\u00a0\u00bb global_colors_info=\u00a0\u00bb{}\u00a0\u00bb][et_pb_menu menu_id=\u00a0\u00bb6&Prime; menu_style=\u00a0\u00bbcentered\u00a0\u00bb submenu_direction=\u00a0\u00bbupwards\u00a0\u00bb _builder_version=\u00a0\u00bb4.16&Prime; _module_preset=\u00a0\u00bbdefault\u00a0\u00bb menu_font=\u00a0\u00bbAbhaya Libre||||||||\u00a0\u00bb menu_text_color=\u00a0\u00bb#ffffff\u00a0\u00bb menu_font_size=\u00a0\u00bb15px\u00a0\u00bb menu_letter_spacing=\u00a0\u00bb1px\u00a0\u00bb background_color=\u00a0\u00bbrgba(0,0,0,0.85)\u00a0\u00bb custom_margin=\u00a0\u00bb|-510px||-446px|false|false\u00a0\u00bb custom_padding=\u00a0\u00bb|1090px||0px|false|false\u00a0\u00bb global_colors_info=\u00a0\u00bb{}\u00a0\u00bb][\/et_pb_menu][\/et_pb_column][\/et_pb_row][\/et_pb_section]<\/p>\n","protected":false},"excerpt":{"rendered":"<p>Exclusive VillaExclusive VillaExclusive VillaExclusive VillaComporta Villas &amp; Suites Comporta Villa e Suites est situ\u00e9 \u00e0 Herdade da Comporta, sur la c\u00f4te de l&rsquo;Alentejo, \u00e0 1 heure de Lisbonne en voiture. C&rsquo;est dans cette r\u00e9gion, o\u00f9 nous avons pass\u00e9 nos vacances d\u2019enfance, c\u2019est \u00e9galement o\u00f9 la beaut\u00e9 et l&rsquo;authenticit\u00e9 de ce lieu attire des personnalit\u00e9s du [&hellip;]<\/p>\n","protected":false},"author":1,"featured_media":0,"parent":0,"menu_order":0,"comment_status":"closed","ping_status":"closed","template":"","meta":{"_et_pb_use_builder":"on","_et_pb_old_content":"","_et_gb_content_width":"","footnotes":""},"class_list":["post-2257","page","type-page","status-publish","hentry"],"yoast_head":"<!-- This site is optimized with the Yoast SEO plugin v25.0 - https:\/\/yoast.com\/wordpress\/plugins\/seo\/ -->\n<title>Home - 54 Comporta Villas and Suites<\/title>\n<meta name=\"robots\" content=\"index, follow, max-snippet:-1, max-image-preview:large, max-video-preview:-1\" \/>\n<link rel=\"canonical\" href=\"https:\/\/comportavillassuites.com\/\" \/>\n<meta property=\"og:locale\" content=\"fr_FR\" \/>\n<meta property=\"og:type\" content=\"article\" \/>\n<meta property=\"og:title\" content=\"Home - 54 Comporta Villas and Suites\" \/>\n<meta property=\"og:description\" content=\"Exclusive VillaExclusive VillaExclusive VillaExclusive VillaComporta Villas &amp; Suites Comporta Villa e Suites est situ\u00e9 \u00e0 Herdade da Comporta, sur la c\u00f4te de l&#039;Alentejo, \u00e0 1 heure de Lisbonne en voiture. C&#039;est dans cette r\u00e9gion, o\u00f9 nous avons pass\u00e9 nos vacances d\u2019enfance, c\u2019est \u00e9galement o\u00f9 la beaut\u00e9 et l&#039;authenticit\u00e9 de ce lieu attire des personnalit\u00e9s du [&hellip;]\" \/>\n<meta property=\"og:url\" content=\"https:\/\/comportavillassuites.com\/\" \/>\n<meta property=\"og:site_name\" content=\"54 Comporta Villas and Suites\" \/>\n<meta property=\"article:modified_time\" content=\"2023-08-17T22:16:25+00:00\" \/>\n<meta name=\"twitter:card\" content=\"summary_large_image\" \/>\n<meta name=\"twitter:label1\" content=\"Dur\u00e9e de lecture estim\u00e9e\" \/>\n\t<meta name=\"twitter:data1\" content=\"31 minutes\" \/>\n<script type=\"application\/ld+json\" class=\"yoast-schema-graph\">{\"@context\":\"https:\/\/schema.org\",\"@graph\":[{\"@type\":\"WebPage\",\"@id\":\"https:\/\/comportavillassuites.com\/\",\"url\":\"https:\/\/comportavillassuites.com\/\",\"name\":\"Home - 54 Comporta Villas and Suites\",\"isPartOf\":{\"@id\":\"https:\/\/comportavillassuites.com\/#website\"},\"datePublished\":\"2021-03-05T04:44:20+00:00\",\"dateModified\":\"2023-08-17T22:16:25+00:00\",\"breadcrumb\":{\"@id\":\"https:\/\/comportavillassuites.com\/#breadcrumb\"},\"inLanguage\":\"fr-FR\",\"potentialAction\":[{\"@type\":\"ReadAction\",\"target\":[\"https:\/\/comportavillassuites.com\/\"]}]},{\"@type\":\"BreadcrumbList\",\"@id\":\"https:\/\/comportavillassuites.com\/#breadcrumb\",\"itemListElement\":[{\"@type\":\"ListItem\",\"position\":1,\"name\":\"In\u00edcio\",\"item\":\"https:\/\/comportavillassuites.com\/\"},{\"@type\":\"ListItem\",\"position\":2,\"name\":\"Home\"}]},{\"@type\":\"WebSite\",\"@id\":\"https:\/\/comportavillassuites.com\/#website\",\"url\":\"https:\/\/comportavillassuites.com\/\",\"name\":\"54 Comporta Villas and Suites\",\"description\":\"Villas and Suites\",\"publisher\":{\"@id\":\"https:\/\/comportavillassuites.com\/#organization\"},\"potentialAction\":[{\"@type\":\"SearchAction\",\"target\":{\"@type\":\"EntryPoint\",\"urlTemplate\":\"https:\/\/comportavillassuites.com\/?s={search_term_string}\"},\"query-input\":{\"@type\":\"PropertyValueSpecification\",\"valueRequired\":true,\"valueName\":\"search_term_string\"}}],\"inLanguage\":\"fr-FR\"},{\"@type\":\"Organization\",\"@id\":\"https:\/\/comportavillassuites.com\/#organization\",\"name\":\"54 Comporta Villas and Suites\",\"url\":\"https:\/\/comportavillassuites.com\/\",\"logo\":{\"@type\":\"ImageObject\",\"inLanguage\":\"fr-FR\",\"@id\":\"https:\/\/comportavillassuites.com\/#\/schema\/logo\/image\/\",\"url\":\"https:\/\/54collection.pt\/54comportavillassuites\/wp-content\/uploads\/2021\/06\/comporta-logo-03-08.png\",\"contentUrl\":\"https:\/\/54collection.pt\/54comportavillassuites\/wp-content\/uploads\/2021\/06\/comporta-logo-03-08.png\",\"width\":1284,\"height\":788,\"caption\":\"54 Comporta Villas and Suites\"},\"image\":{\"@id\":\"https:\/\/comportavillassuites.com\/#\/schema\/logo\/image\/\"}}]}<\/script>\n<!-- \/ Yoast SEO plugin. -->","yoast_head_json":{"title":"Home - 54 Comporta Villas and Suites","robots":{"index":"index","follow":"follow","max-snippet":"max-snippet:-1","max-image-preview":"max-image-preview:large","max-video-preview":"max-video-preview:-1"},"canonical":"https:\/\/comportavillassuites.com\/","og_locale":"fr_FR","og_type":"article","og_title":"Home - 54 Comporta Villas and Suites","og_description":"Exclusive VillaExclusive VillaExclusive VillaExclusive VillaComporta Villas &amp; Suites Comporta Villa e Suites est situ\u00e9 \u00e0 Herdade da Comporta, sur la c\u00f4te de l'Alentejo, \u00e0 1 heure de Lisbonne en voiture. C'est dans cette r\u00e9gion, o\u00f9 nous avons pass\u00e9 nos vacances d\u2019enfance, c\u2019est \u00e9galement o\u00f9 la beaut\u00e9 et l'authenticit\u00e9 de ce lieu attire des personnalit\u00e9s du [&hellip;]","og_url":"https:\/\/comportavillassuites.com\/","og_site_name":"54 Comporta Villas and Suites","article_modified_time":"2023-08-17T22:16:25+00:00","twitter_card":"summary_large_image","twitter_misc":{"Dur\u00e9e de lecture estim\u00e9e":"31 minutes"},"schema":{"@context":"https:\/\/schema.org","@graph":[{"@type":"WebPage","@id":"https:\/\/comportavillassuites.com\/","url":"https:\/\/comportavillassuites.com\/","name":"Home - 54 Comporta Villas and Suites","isPartOf":{"@id":"https:\/\/comportavillassuites.com\/#website"},"datePublished":"2021-03-05T04:44:20+00:00","dateModified":"2023-08-17T22:16:25+00:00","breadcrumb":{"@id":"https:\/\/comportavillassuites.com\/#breadcrumb"},"inLanguage":"fr-FR","potentialAction":[{"@type":"ReadAction","target":["https:\/\/comportavillassuites.com\/"]}]},{"@type":"BreadcrumbList","@id":"https:\/\/comportavillassuites.com\/#breadcrumb","itemListElement":[{"@type":"ListItem","position":1,"name":"In\u00edcio","item":"https:\/\/comportavillassuites.com\/"},{"@type":"ListItem","position":2,"name":"Home"}]},{"@type":"WebSite","@id":"https:\/\/comportavillassuites.com\/#website","url":"https:\/\/comportavillassuites.com\/","name":"54 Comporta Villas and Suites","description":"Villas and Suites","publisher":{"@id":"https:\/\/comportavillassuites.com\/#organization"},"potentialAction":[{"@type":"SearchAction","target":{"@type":"EntryPoint","urlTemplate":"https:\/\/comportavillassuites.com\/?s={search_term_string}"},"query-input":{"@type":"PropertyValueSpecification","valueRequired":true,"valueName":"search_term_string"}}],"inLanguage":"fr-FR"},{"@type":"Organization","@id":"https:\/\/comportavillassuites.com\/#organization","name":"54 Comporta Villas and Suites","url":"https:\/\/comportavillassuites.com\/","logo":{"@type":"ImageObject","inLanguage":"fr-FR","@id":"https:\/\/comportavillassuites.com\/#\/schema\/logo\/image\/","url":"https:\/\/54collection.pt\/54comportavillassuites\/wp-content\/uploads\/2021\/06\/comporta-logo-03-08.png","contentUrl":"https:\/\/54collection.pt\/54comportavillassuites\/wp-content\/uploads\/2021\/06\/comporta-logo-03-08.png","width":1284,"height":788,"caption":"54 Comporta Villas and Suites"},"image":{"@id":"https:\/\/comportavillassuites.com\/#\/schema\/logo\/image\/"}}]}},"_links":{"self":[{"href":"https:\/\/comportavillassuites.com\/fr\/wp-json\/wp\/v2\/pages\/2257","targetHints":{"allow":["GET"]}}],"collection":[{"href":"https:\/\/comportavillassuites.com\/fr\/wp-json\/wp\/v2\/pages"}],"about":[{"href":"https:\/\/comportavillassuites.com\/fr\/wp-json\/wp\/v2\/types\/page"}],"author":[{"embeddable":true,"href":"https:\/\/comportavillassuites.com\/fr\/wp-json\/wp\/v2\/users\/1"}],"replies":[{"embeddable":true,"href":"https:\/\/comportavillassuites.com\/fr\/wp-json\/wp\/v2\/comments?post=2257"}],"version-history":[{"count":28,"href":"https:\/\/comportavillassuites.com\/fr\/wp-json\/wp\/v2\/pages\/2257\/revisions"}],"predecessor-version":[{"id":3559,"href":"https:\/\/comportavillassuites.com\/fr\/wp-json\/wp\/v2\/pages\/2257\/revisions\/3559"}],"wp:attachment":[{"href":"https:\/\/comportavillassuites.com\/fr\/wp-json\/wp\/v2\/media?parent=2257"}],"curies":[{"name":"wp","href":"https:\/\/api.w.org\/{rel}","templated":true}]}}